{"id":4739,"date":"2021-06-08T13:05:01","date_gmt":"2021-06-08T12:05:01","guid":{"rendered":"https:\/\/www.campingridaura.com\/entorn\/"},"modified":"2024-05-31T16:43:05","modified_gmt":"2024-05-31T15:43:05","slug":"entorn","status":"publish","type":"page","link":"https:\/\/www.campingridaura.com\/fr\/entorn\/","title":{"rendered":"Entorn"},"content":{"rendered":"\t\t<div data-elementor-type=\"wp-page\" data-elementor-id=\"4739\" class=\"elementor elementor-4739 elementor-1063\">\n\t\t\t\t\t\t<section class=\"elementor-section elementor-top-section elementor-element elementor-element-4907a7ba elementor-section-full_width elementor-section-height-default elementor-section-height-default qodef-elementor-content-no\" data-id=\"4907a7ba\" data-element_type=\"section\" data-e-type=\"section\" data-settings=\"{&quot;background_background&quot;:&quot;video&quot;,&quot;background_video_link&quot;:&quot;https:\\\/\\\/vimeo.com\\\/941926977\\\/76f6b91fbd&quot;,&quot;background_play_on_mobile&quot;:&quot;yes&quot;}\">\n\t\t\t\t\t\t\t\t<div class=\"elementor-background-video-container\">\n\t\t\t\t\t\t\t\t\t\t\t\t\t<div class=\"elementor-background-video-embed\" role=\"presentation\"><\/div>\n\t\t\t\t\t\t\t\t\t\t\t\t<\/div>\n\t\t\t\t\t\t\t\t\t<div class=\"elementor-background-overlay\"><\/div>\n\t\t\t\t\t\t\t<div class=\"elementor-container elementor-column-gap-no\">\n\t\t\t\t\t<div class=\"elementor-column elementor-col-100 elementor-top-column elementor-element elementor-element-23d43403\" data-id=\"23d43403\" data-element_type=\"column\" data-e-type=\"column\">\n\t\t\t<div class=\"elementor-widget-wrap\">\n\t\t\t\t\t\t\t<\/div>\n\t\t<\/div>\n\t\t\t\t\t<\/div>\n\t\t<\/section>\n\t\t\t\t<section class=\"elementor-section elementor-top-section elementor-element elementor-element-104560e0 elementor-section-full_width qodef-elementor-content-grid elementor-section-height-default elementor-section-height-default\" data-id=\"104560e0\" data-element_type=\"section\" data-e-type=\"section\">\n\t\t\t\t\t\t<div class=\"elementor-container elementor-column-gap-default\">\n\t\t\t\t\t<div class=\"elementor-column elementor-col-100 elementor-top-column elementor-element elementor-element-6e1df210\" data-id=\"6e1df210\" data-element_type=\"column\" data-e-type=\"column\">\n\t\t\t<div class=\"elementor-widget-wrap elementor-element-populated\">\n\t\t\t\t\t\t<div class=\"elementor-element elementor-element-3acaf99c elementor-widget elementor-widget-kamperen_core_section_title\" data-id=\"3acaf99c\" data-element_type=\"widget\" data-e-type=\"widget\" data-widget_type=\"kamperen_core_section_title.default\">\n\t\t\t\t<div class=\"elementor-widget-container\">\n\t\t\t\t\t<div class=\"qodef-shortcode qodef-m  qodef-section-title qodef-alignment--center \">\n\t\t<div class=\"qodef-m-tagline-mark\" >\n\t\tEnvironnement\t<\/div>\n\t\t<h2 class=\"qodef-m-title\" >\n\t\t\t\t\tProfitez de la<br \/> Costa Brava\t\t\t<\/h2>\n\t\t<p class=\"qodef-m-text\" >Notre camping est l&#039;endroit id\u00e9al pour se d\u00e9tendre, profiter de la nature et passer du temps de qualit\u00e9 en famille et entre amis. D\u00e9couvrez une vari\u00e9t\u00e9 de services con\u00e7us pour rendre votre s\u00e9jour m\u00e9morable.<\/p>\n<\/div>\n\t\t\t\t<\/div>\n\t\t\t\t<\/div>\n\t\t\t\t\t<\/div>\n\t\t<\/div>\n\t\t\t\t\t<\/div>\n\t\t<\/section>\n\t\t\t\t<section class=\"elementor-section elementor-top-section elementor-element elementor-element-8545304 elementor-section-full_width qodef-elementor-content-grid elementor-section-height-default elementor-section-height-default\" data-id=\"8545304\" data-element_type=\"section\" data-e-type=\"section\">\n\t\t\t\t\t\t<div class=\"elementor-container elementor-column-gap-default\">\n\t\t\t\t\t<div class=\"elementor-column elementor-col-50 elementor-top-column elementor-element elementor-element-e510d62\" data-id=\"e510d62\" data-element_type=\"column\" data-e-type=\"column\">\n\t\t\t<div class=\"elementor-widget-wrap elementor-element-populated\">\n\t\t\t\t\t\t<div class=\"elementor-element elementor-element-820a5dc elementor-widget elementor-widget-kamperen_core_section_title\" data-id=\"820a5dc\" data-element_type=\"widget\" data-e-type=\"widget\" data-widget_type=\"kamperen_core_section_title.default\">\n\t\t\t\t<div class=\"elementor-widget-container\">\n\t\t\t\t\t<div class=\"qodef-shortcode qodef-m  qodef-section-title qodef-alignment--right \">\n\t\t<div class=\"qodef-m-tagline-mark\" >\n\t\tCosta Brava\t<\/div>\n\t\t<h3 class=\"qodef-m-title\" style=\"margin-top: 8px\">\n\t\t\t\t\tExplorez les plages embl\u00e9matiques et les criques cach\u00e9es, id\u00e9al pour les amateurs de soleil et les aventures maritimes\t\t\t<\/h3>\n\t<\/div>\n\t\t\t\t<\/div>\n\t\t\t\t<\/div>\n\t\t\t\t<div class=\"elementor-element elementor-element-6a77a3f elementor-align-right elementor-invisible elementor-widget elementor-widget-button\" data-id=\"6a77a3f\" data-element_type=\"widget\" data-e-type=\"widget\" data-settings=\"{&quot;_animation&quot;:&quot;fadeInUp&quot;}\" data-widget_type=\"button.default\">\n\t\t\t\t<div class=\"elementor-widget-container\">\n\t\t\t\t\t\t\t\t\t<div class=\"elementor-button-wrapper\">\n\t\t\t\t\t<a class=\"elementor-button elementor-button-link elementor-size-sm\" href=\"https:\/\/costabrava.org\/\">\n\t\t\t\t\t\t<span class=\"elementor-button-content-wrapper\">\n\t\t\t\t\t\t\t\t\t<span class=\"elementor-button-text\">Plus d'informations<\/span>\n\t\t\t\t\t<\/span>\n\t\t\t\t\t<\/a>\n\t\t\t\t<\/div>\n\t\t\t\t\t\t\t\t<\/div>\n\t\t\t\t<\/div>\n\t\t\t\t\t<\/div>\n\t\t<\/div>\n\t\t\t\t<div class=\"elementor-column elementor-col-50 elementor-top-column elementor-element elementor-element-3098c12\" data-id=\"3098c12\" data-element_type=\"column\" data-e-type=\"column\">\n\t\t\t<div class=\"elementor-widget-wrap elementor-element-populated\">\n\t\t\t\t\t\t<div class=\"elementor-element elementor-element-6977787 elementor-widget elementor-widget-image\" data-id=\"6977787\" data-element_type=\"widget\" data-e-type=\"widget\" data-widget_type=\"image.default\">\n\t\t\t\t<div class=\"elementor-widget-container\">\n\t\t\t\t\t\t\t\t\t\t\t\t\t\t\t<img fetchpriority=\"high\" decoding=\"async\" width=\"700\" height=\"394\" src=\"https:\/\/www.campingridaura.com\/wp-content\/uploads\/2024\/05\/costa-brava-entorn.jpg\" class=\"attachment-large size-large wp-image-4450\" alt=\"\" srcset=\"https:\/\/www.campingridaura.com\/wp-content\/uploads\/2024\/05\/costa-brava-entorn.jpg 700w, https:\/\/www.campingridaura.com\/wp-content\/uploads\/2024\/05\/costa-brava-entorn-300x169.jpg 300w, https:\/\/www.campingridaura.com\/wp-content\/uploads\/2024\/05\/costa-brava-entorn-600x338.jpg 600w\" sizes=\"(max-width: 700px) 100vw, 700px\" \/>\t\t\t\t\t\t\t\t\t\t\t\t\t\t\t<\/div>\n\t\t\t\t<\/div>\n\t\t\t\t\t<\/div>\n\t\t<\/div>\n\t\t\t\t\t<\/div>\n\t\t<\/section>\n\t\t\t\t<section class=\"elementor-section elementor-top-section elementor-element elementor-element-c0413bf elementor-section-full_width qodef-elementor-content-grid elementor-section-height-default elementor-section-height-default\" data-id=\"c0413bf\" data-element_type=\"section\" data-e-type=\"section\">\n\t\t\t\t\t\t<div class=\"elementor-container elementor-column-gap-default\">\n\t\t\t\t\t<div class=\"elementor-column elementor-col-50 elementor-top-column elementor-element elementor-element-6484c62\" data-id=\"6484c62\" data-element_type=\"column\" data-e-type=\"column\">\n\t\t\t<div class=\"elementor-widget-wrap elementor-element-populated\">\n\t\t\t\t\t\t<div class=\"elementor-element elementor-element-4f41bd4 elementor-widget elementor-widget-image\" data-id=\"4f41bd4\" data-element_type=\"widget\" data-e-type=\"widget\" data-widget_type=\"image.default\">\n\t\t\t\t<div class=\"elementor-widget-container\">\n\t\t\t\t\t\t\t\t\t\t\t\t\t\t\t<img decoding=\"async\" width=\"700\" height=\"394\" src=\"https:\/\/www.campingridaura.com\/wp-content\/uploads\/2024\/05\/girona-entorn-min.jpg\" class=\"attachment-large size-large wp-image-4455\" alt=\"\" srcset=\"https:\/\/www.campingridaura.com\/wp-content\/uploads\/2024\/05\/girona-entorn-min.jpg 700w, https:\/\/www.campingridaura.com\/wp-content\/uploads\/2024\/05\/girona-entorn-min-300x169.jpg 300w, https:\/\/www.campingridaura.com\/wp-content\/uploads\/2024\/05\/girona-entorn-min-600x338.jpg 600w\" sizes=\"(max-width: 700px) 100vw, 700px\" \/>\t\t\t\t\t\t\t\t\t\t\t\t\t\t\t<\/div>\n\t\t\t\t<\/div>\n\t\t\t\t\t<\/div>\n\t\t<\/div>\n\t\t\t\t<div class=\"elementor-column elementor-col-50 elementor-top-column elementor-element elementor-element-ff0521a\" data-id=\"ff0521a\" data-element_type=\"column\" data-e-type=\"column\">\n\t\t\t<div class=\"elementor-widget-wrap elementor-element-populated\">\n\t\t\t\t\t\t<div class=\"elementor-element elementor-element-887e476 elementor-widget elementor-widget-kamperen_core_section_title\" data-id=\"887e476\" data-element_type=\"widget\" data-e-type=\"widget\" data-widget_type=\"kamperen_core_section_title.default\">\n\t\t\t\t<div class=\"elementor-widget-container\">\n\t\t\t\t\t<div class=\"qodef-shortcode qodef-m  qodef-section-title qodef-alignment--left \">\n\t\t<div class=\"qodef-m-tagline-mark\" >\n\t\tGirona\t<\/div>\n\t\t<h3 class=\"qodef-m-title\" style=\"margin-top: 8px\">\n\t\t\t\t\tD\u00e9couvrez le vieux quartier de Girona, plein d'histoire et de charme avec ses rues pav\u00e9es et son architecture m\u00e9di\u00e9vale\t\t\t<\/h3>\n\t<\/div>\n\t\t\t\t<\/div>\n\t\t\t\t<\/div>\n\t\t\t\t<div class=\"elementor-element elementor-element-7a8ad32 elementor-align-left elementor-invisible elementor-widget elementor-widget-button\" data-id=\"7a8ad32\" data-element_type=\"widget\" data-e-type=\"widget\" data-settings=\"{&quot;_animation&quot;:&quot;fadeInUp&quot;}\" data-widget_type=\"button.default\">\n\t\t\t\t<div class=\"elementor-widget-container\">\n\t\t\t\t\t\t\t\t\t<div class=\"elementor-button-wrapper\">\n\t\t\t\t\t<a class=\"elementor-button elementor-button-link elementor-size-sm\" href=\"https:\/\/www.girona.cat\/turisme\/cat\/index.php\">\n\t\t\t\t\t\t<span class=\"elementor-button-content-wrapper\">\n\t\t\t\t\t\t\t\t\t<span class=\"elementor-button-text\">Plus d'informations<\/span>\n\t\t\t\t\t<\/span>\n\t\t\t\t\t<\/a>\n\t\t\t\t<\/div>\n\t\t\t\t\t\t\t\t<\/div>\n\t\t\t\t<\/div>\n\t\t\t\t\t<\/div>\n\t\t<\/div>\n\t\t\t\t\t<\/div>\n\t\t<\/section>\n\t\t\t\t<section class=\"elementor-section elementor-top-section elementor-element elementor-element-0f36aa5 elementor-section-full_width qodef-elementor-content-grid elementor-section-height-default elementor-section-height-default\" data-id=\"0f36aa5\" data-element_type=\"section\" data-e-type=\"section\">\n\t\t\t\t\t\t<div class=\"elementor-container elementor-column-gap-default\">\n\t\t\t\t\t<div class=\"elementor-column elementor-col-50 elementor-top-column elementor-element elementor-element-af0079d\" data-id=\"af0079d\" data-element_type=\"column\" data-e-type=\"column\">\n\t\t\t<div class=\"elementor-widget-wrap elementor-element-populated\">\n\t\t\t\t\t\t<div class=\"elementor-element elementor-element-1034576 elementor-widget elementor-widget-kamperen_core_section_title\" data-id=\"1034576\" data-element_type=\"widget\" data-e-type=\"widget\" data-widget_type=\"kamperen_core_section_title.default\">\n\t\t\t\t<div class=\"elementor-widget-container\">\n\t\t\t\t\t<div class=\"qodef-shortcode qodef-m  qodef-section-title qodef-alignment--right \">\n\t\t<div class=\"qodef-m-tagline-mark\" >\n\t\tPirinexus\t<\/div>\n\t\t<h3 class=\"qodef-m-title\" style=\"margin-top: 8px\">\n\t\t\t\t\tParcourez Pirinexus, une route cyclable qui relie paysages naturels et patrimoine culturel \u00e0 travers Girona et le sud de la France\t\t\t<\/h3>\n\t<\/div>\n\t\t\t\t<\/div>\n\t\t\t\t<\/div>\n\t\t\t\t<div class=\"elementor-element elementor-element-fc48068 elementor-align-right elementor-invisible elementor-widget elementor-widget-button\" data-id=\"fc48068\" data-element_type=\"widget\" data-e-type=\"widget\" data-settings=\"{&quot;_animation&quot;:&quot;fadeInUp&quot;}\" data-widget_type=\"button.default\">\n\t\t\t\t<div class=\"elementor-widget-container\">\n\t\t\t\t\t\t\t\t\t<div class=\"elementor-button-wrapper\">\n\t\t\t\t\t<a class=\"elementor-button elementor-button-link elementor-size-sm\" href=\"https:\/\/www.viesverdes.cat\/pirinexus\/\">\n\t\t\t\t\t\t<span class=\"elementor-button-content-wrapper\">\n\t\t\t\t\t\t\t\t\t<span class=\"elementor-button-text\">Plus d'informations<\/span>\n\t\t\t\t\t<\/span>\n\t\t\t\t\t<\/a>\n\t\t\t\t<\/div>\n\t\t\t\t\t\t\t\t<\/div>\n\t\t\t\t<\/div>\n\t\t\t\t\t<\/div>\n\t\t<\/div>\n\t\t\t\t<div class=\"elementor-column elementor-col-50 elementor-top-column elementor-element elementor-element-37343db\" data-id=\"37343db\" data-element_type=\"column\" data-e-type=\"column\">\n\t\t\t<div class=\"elementor-widget-wrap elementor-element-populated\">\n\t\t\t\t\t\t<div class=\"elementor-element elementor-element-d8ed142 elementor-widget elementor-widget-image\" data-id=\"d8ed142\" data-element_type=\"widget\" data-e-type=\"widget\" data-widget_type=\"image.default\">\n\t\t\t\t<div class=\"elementor-widget-container\">\n\t\t\t\t\t\t\t\t\t\t\t\t\t\t\t<img decoding=\"async\" width=\"700\" height=\"394\" src=\"https:\/\/www.campingridaura.com\/wp-content\/uploads\/2024\/05\/pirinexus.jpg\" class=\"attachment-large size-large wp-image-4460\" alt=\"\" srcset=\"https:\/\/www.campingridaura.com\/wp-content\/uploads\/2024\/05\/pirinexus.jpg 700w, https:\/\/www.campingridaura.com\/wp-content\/uploads\/2024\/05\/pirinexus-300x169.jpg 300w, https:\/\/www.campingridaura.com\/wp-content\/uploads\/2024\/05\/pirinexus-600x338.jpg 600w\" sizes=\"(max-width: 700px) 100vw, 700px\" \/>\t\t\t\t\t\t\t\t\t\t\t\t\t\t\t<\/div>\n\t\t\t\t<\/div>\n\t\t\t\t\t<\/div>\n\t\t<\/div>\n\t\t\t\t\t<\/div>\n\t\t<\/section>\n\t\t\t\t<section class=\"elementor-section elementor-top-section elementor-element elementor-element-acd5eef elementor-section-full_width qodef-elementor-content-grid elementor-section-height-default elementor-section-height-default\" data-id=\"acd5eef\" data-element_type=\"section\" data-e-type=\"section\">\n\t\t\t\t\t\t<div class=\"elementor-container elementor-column-gap-default\">\n\t\t\t\t\t<div class=\"elementor-column elementor-col-50 elementor-top-column elementor-element elementor-element-c4148e3\" data-id=\"c4148e3\" data-element_type=\"column\" data-e-type=\"column\">\n\t\t\t<div class=\"elementor-widget-wrap elementor-element-populated\">\n\t\t\t\t\t\t<div class=\"elementor-element elementor-element-06eeeed elementor-widget elementor-widget-image\" data-id=\"06eeeed\" data-element_type=\"widget\" data-e-type=\"widget\" data-widget_type=\"image.default\">\n\t\t\t\t<div class=\"elementor-widget-container\">\n\t\t\t\t\t\t\t\t\t\t\t\t\t\t\t<img loading=\"lazy\" decoding=\"async\" width=\"700\" height=\"394\" src=\"https:\/\/www.campingridaura.com\/wp-content\/uploads\/2024\/05\/200721-SHOTS-GIRONA_-814-min-min.jpg\" class=\"attachment-large size-large wp-image-4475\" alt=\"\" srcset=\"https:\/\/www.campingridaura.com\/wp-content\/uploads\/2024\/05\/200721-SHOTS-GIRONA_-814-min-min.jpg 700w, https:\/\/www.campingridaura.com\/wp-content\/uploads\/2024\/05\/200721-SHOTS-GIRONA_-814-min-min-300x169.jpg 300w, https:\/\/www.campingridaura.com\/wp-content\/uploads\/2024\/05\/200721-SHOTS-GIRONA_-814-min-min-600x338.jpg 600w\" sizes=\"(max-width: 700px) 100vw, 700px\" \/>\t\t\t\t\t\t\t\t\t\t\t\t\t\t\t<\/div>\n\t\t\t\t<\/div>\n\t\t\t\t\t<\/div>\n\t\t<\/div>\n\t\t\t\t<div class=\"elementor-column elementor-col-50 elementor-top-column elementor-element elementor-element-2fd7c1d\" data-id=\"2fd7c1d\" data-element_type=\"column\" data-e-type=\"column\">\n\t\t\t<div class=\"elementor-widget-wrap elementor-element-populated\">\n\t\t\t\t\t\t<div class=\"elementor-element elementor-element-d1eb9df elementor-widget elementor-widget-kamperen_core_section_title\" data-id=\"d1eb9df\" data-element_type=\"widget\" data-e-type=\"widget\" data-widget_type=\"kamperen_core_section_title.default\">\n\t\t\t\t<div class=\"elementor-widget-container\">\n\t\t\t\t\t<div class=\"qodef-shortcode qodef-m  qodef-section-title qodef-alignment--left \">\n\t\t<div class=\"qodef-m-tagline-mark\" >\n\t\tGastronomie\t<\/div>\n\t\t<h3 class=\"qodef-m-title\" style=\"margin-top: 8px\">\n\t\t\t\t\tLa gastronomie de Girona est de renomm\u00e9e internationale, nous vous invitons \u00e0 en profiter avec tous vos sens\t\t\t<\/h3>\n\t<\/div>\n\t\t\t\t<\/div>\n\t\t\t\t<\/div>\n\t\t\t\t<div class=\"elementor-element elementor-element-868e76f elementor-align-left elementor-invisible elementor-widget elementor-widget-button\" data-id=\"868e76f\" data-element_type=\"widget\" data-e-type=\"widget\" data-settings=\"{&quot;_animation&quot;:&quot;fadeInUp&quot;}\" data-widget_type=\"button.default\">\n\t\t\t\t<div class=\"elementor-widget-container\">\n\t\t\t\t\t\t\t\t\t<div class=\"elementor-button-wrapper\">\n\t\t\t\t\t<a class=\"elementor-button elementor-button-link elementor-size-sm\" href=\"https:\/\/www.gironagastronomica.cat\/ca\/\">\n\t\t\t\t\t\t<span class=\"elementor-button-content-wrapper\">\n\t\t\t\t\t\t\t\t\t<span class=\"elementor-button-text\">Plus d'informations<\/span>\n\t\t\t\t\t<\/span>\n\t\t\t\t\t<\/a>\n\t\t\t\t<\/div>\n\t\t\t\t\t\t\t\t<\/div>\n\t\t\t\t<\/div>\n\t\t\t\t\t<\/div>\n\t\t<\/div>\n\t\t\t\t\t<\/div>\n\t\t<\/section>\n\t\t\t\t<section class=\"elementor-section elementor-top-section elementor-element elementor-element-f97d9be elementor-section-full_width qodef-elementor-content-grid elementor-section-height-default elementor-section-height-default\" data-id=\"f97d9be\" data-element_type=\"section\" data-e-type=\"section\">\n\t\t\t\t\t\t<div class=\"elementor-container elementor-column-gap-default\">\n\t\t\t\t\t<div class=\"elementor-column elementor-col-50 elementor-top-column elementor-element elementor-element-890b1e4\" data-id=\"890b1e4\" data-element_type=\"column\" data-e-type=\"column\">\n\t\t\t<div class=\"elementor-widget-wrap elementor-element-populated\">\n\t\t\t\t\t\t<div class=\"elementor-element elementor-element-5f288e5 elementor-widget elementor-widget-kamperen_core_section_title\" data-id=\"5f288e5\" data-element_type=\"widget\" data-e-type=\"widget\" data-widget_type=\"kamperen_core_section_title.default\">\n\t\t\t\t<div class=\"elementor-widget-container\">\n\t\t\t\t\t<div class=\"qodef-shortcode qodef-m  qodef-section-title qodef-alignment--right \">\n\t\t<div class=\"qodef-m-tagline-mark\" >\n\t\tBarcelona\t<\/div>\n\t\t<h3 class=\"qodef-m-title\" style=\"margin-top: 8px\">\n\t\t\t\t\tBarcelone est l'une des meilleures villes du monde, visitez l'architecture de Gaud\u00ed et sa magie sp\u00e9ciale\t\t\t<\/h3>\n\t<\/div>\n\t\t\t\t<\/div>\n\t\t\t\t<\/div>\n\t\t\t\t<div class=\"elementor-element elementor-element-9ba8d09 elementor-align-right elementor-invisible elementor-widget elementor-widget-button\" data-id=\"9ba8d09\" data-element_type=\"widget\" data-e-type=\"widget\" data-settings=\"{&quot;_animation&quot;:&quot;fadeInUp&quot;}\" data-widget_type=\"button.default\">\n\t\t\t\t<div class=\"elementor-widget-container\">\n\t\t\t\t\t\t\t\t\t<div class=\"elementor-button-wrapper\">\n\t\t\t\t\t<a class=\"elementor-button elementor-button-link elementor-size-sm\" href=\"https:\/\/www.barcelonaturisme.com\/wv3\/\">\n\t\t\t\t\t\t<span class=\"elementor-button-content-wrapper\">\n\t\t\t\t\t\t\t\t\t<span class=\"elementor-button-text\">Plus d'informations<\/span>\n\t\t\t\t\t<\/span>\n\t\t\t\t\t<\/a>\n\t\t\t\t<\/div>\n\t\t\t\t\t\t\t\t<\/div>\n\t\t\t\t<\/div>\n\t\t\t\t\t<\/div>\n\t\t<\/div>\n\t\t\t\t<div class=\"elementor-column elementor-col-50 elementor-top-column elementor-element elementor-element-c1f4960\" data-id=\"c1f4960\" data-element_type=\"column\" data-e-type=\"column\">\n\t\t\t<div class=\"elementor-widget-wrap elementor-element-populated\">\n\t\t\t\t\t\t<div class=\"elementor-element elementor-element-9dc71b8 elementor-widget elementor-widget-image\" data-id=\"9dc71b8\" data-element_type=\"widget\" data-e-type=\"widget\" data-widget_type=\"image.default\">\n\t\t\t\t<div class=\"elementor-widget-container\">\n\t\t\t\t\t\t\t\t\t\t\t\t\t\t\t<img loading=\"lazy\" decoding=\"async\" width=\"700\" height=\"394\" src=\"https:\/\/www.campingridaura.com\/wp-content\/uploads\/2024\/05\/barcelona.jpg\" class=\"attachment-large size-large wp-image-4470\" alt=\"\" srcset=\"https:\/\/www.campingridaura.com\/wp-content\/uploads\/2024\/05\/barcelona.jpg 700w, https:\/\/www.campingridaura.com\/wp-content\/uploads\/2024\/05\/barcelona-300x169.jpg 300w, https:\/\/www.campingridaura.com\/wp-content\/uploads\/2024\/05\/barcelona-600x338.jpg 600w\" sizes=\"(max-width: 700px) 100vw, 700px\" \/>\t\t\t\t\t\t\t\t\t\t\t\t\t\t\t<\/div>\n\t\t\t\t<\/div>\n\t\t\t\t\t<\/div>\n\t\t<\/div>\n\t\t\t\t\t<\/div>\n\t\t<\/section>\n\t\t\t\t<section class=\"elementor-section elementor-top-section elementor-element elementor-element-17bd01c elementor-section-full_width qodef-elementor-content-grid elementor-section-height-default elementor-section-height-default\" data-id=\"17bd01c\" data-element_type=\"section\" data-e-type=\"section\">\n\t\t\t\t\t\t<div class=\"elementor-container elementor-column-gap-default\">\n\t\t\t\t\t<div class=\"elementor-column elementor-col-50 elementor-top-column elementor-element elementor-element-6a8b8b4\" data-id=\"6a8b8b4\" data-element_type=\"column\" data-e-type=\"column\">\n\t\t\t<div class=\"elementor-widget-wrap elementor-element-populated\">\n\t\t\t\t\t\t<div class=\"elementor-element elementor-element-878c83f elementor-widget elementor-widget-image\" data-id=\"878c83f\" data-element_type=\"widget\" data-e-type=\"widget\" data-widget_type=\"image.default\">\n\t\t\t\t<div class=\"elementor-widget-container\">\n\t\t\t\t\t\t\t\t\t\t\t\t\t\t\t<img loading=\"lazy\" decoding=\"async\" width=\"700\" height=\"394\" src=\"https:\/\/www.campingridaura.com\/wp-content\/uploads\/2024\/05\/santa-market-min.jpeg\" class=\"attachment-large size-large wp-image-4480\" alt=\"\" srcset=\"https:\/\/www.campingridaura.com\/wp-content\/uploads\/2024\/05\/santa-market-min.jpeg 700w, https:\/\/www.campingridaura.com\/wp-content\/uploads\/2024\/05\/santa-market-min-300x169.jpeg 300w, https:\/\/www.campingridaura.com\/wp-content\/uploads\/2024\/05\/santa-market-min-600x338.jpeg 600w\" sizes=\"(max-width: 700px) 100vw, 700px\" \/>\t\t\t\t\t\t\t\t\t\t\t\t\t\t\t<\/div>\n\t\t\t\t<\/div>\n\t\t\t\t\t<\/div>\n\t\t<\/div>\n\t\t\t\t<div class=\"elementor-column elementor-col-50 elementor-top-column elementor-element elementor-element-70e6693\" data-id=\"70e6693\" data-element_type=\"column\" data-e-type=\"column\">\n\t\t\t<div class=\"elementor-widget-wrap elementor-element-populated\">\n\t\t\t\t\t\t<div class=\"elementor-element elementor-element-4633656 elementor-widget elementor-widget-kamperen_core_section_title\" data-id=\"4633656\" data-element_type=\"widget\" data-e-type=\"widget\" data-widget_type=\"kamperen_core_section_title.default\">\n\t\t\t\t<div class=\"elementor-widget-container\">\n\t\t\t\t\t<div class=\"qodef-shortcode qodef-m  qodef-section-title qodef-alignment--left \">\n\t\t<div class=\"qodef-m-tagline-mark\" >\n\t\tSantaMarket\t<\/div>\n\t\t<h3 class=\"qodef-m-title\" style=\"margin-top: 8px\">\n\t\t\t\t\tVivez l'atmosph\u00e8re unique de La Santa Market, un march\u00e9 estival qui combine gastronomie, musique en direct et mode locale\t\t\t<\/h3>\n\t<\/div>\n\t\t\t\t<\/div>\n\t\t\t\t<\/div>\n\t\t\t\t<div class=\"elementor-element elementor-element-2f59103 elementor-align-left elementor-invisible elementor-widget elementor-widget-button\" data-id=\"2f59103\" data-element_type=\"widget\" data-e-type=\"widget\" data-settings=\"{&quot;_animation&quot;:&quot;fadeInUp&quot;}\" data-widget_type=\"button.default\">\n\t\t\t\t<div class=\"elementor-widget-container\">\n\t\t\t\t\t\t\t\t\t<div class=\"elementor-button-wrapper\">\n\t\t\t\t\t<a class=\"elementor-button elementor-button-link elementor-size-sm\" href=\"https:\/\/www.lasantamarket.com\/ca\/\">\n\t\t\t\t\t\t<span class=\"elementor-button-content-wrapper\">\n\t\t\t\t\t\t\t\t\t<span class=\"elementor-button-text\">Plus d'informations<\/span>\n\t\t\t\t\t<\/span>\n\t\t\t\t\t<\/a>\n\t\t\t\t<\/div>\n\t\t\t\t\t\t\t\t<\/div>\n\t\t\t\t<\/div>\n\t\t\t\t\t<\/div>\n\t\t<\/div>\n\t\t\t\t\t<\/div>\n\t\t<\/section>\n\t\t\t\t<section class=\"elementor-section elementor-top-section elementor-element elementor-element-d85c653 elementor-section-full_width qodef-elementor-content-grid elementor-section-height-default elementor-section-height-default\" data-id=\"d85c653\" data-element_type=\"section\" data-e-type=\"section\">\n\t\t\t\t\t\t<div class=\"elementor-container elementor-column-gap-default\">\n\t\t\t\t\t<div class=\"elementor-column elementor-col-50 elementor-top-column elementor-element elementor-element-d548ad5\" data-id=\"d548ad5\" data-element_type=\"column\" data-e-type=\"column\">\n\t\t\t<div class=\"elementor-widget-wrap elementor-element-populated\">\n\t\t\t\t\t\t<div class=\"elementor-element elementor-element-430a329 elementor-widget elementor-widget-kamperen_core_section_title\" data-id=\"430a329\" data-element_type=\"widget\" data-e-type=\"widget\" data-widget_type=\"kamperen_core_section_title.default\">\n\t\t\t\t<div class=\"elementor-widget-container\">\n\t\t\t\t\t<div class=\"qodef-shortcode qodef-m  qodef-section-title qodef-alignment--right \">\n\t\t<div class=\"qodef-m-tagline-mark\" >\n\t\tFestivals\t<\/div>\n\t\t<h3 class=\"qodef-m-title\" style=\"margin-top: 8px\">\n\t\t\t\t\tSur la Costa Brava, vous trouverez une large offre de festivals musicaux de renomm\u00e9e mondiale tels que Cap Roig ou Porta Ferrada\t\t\t<\/h3>\n\t<\/div>\n\t\t\t\t<\/div>\n\t\t\t\t<\/div>\n\t\t\t\t<div class=\"elementor-element elementor-element-a0366c6 elementor-align-right elementor-widget__width-initial elementor-invisible elementor-widget elementor-widget-button\" data-id=\"a0366c6\" data-element_type=\"widget\" data-e-type=\"widget\" data-settings=\"{&quot;_animation&quot;:&quot;fadeInUp&quot;}\" data-widget_type=\"button.default\">\n\t\t\t\t<div class=\"elementor-widget-container\">\n\t\t\t\t\t\t\t\t\t<div class=\"elementor-button-wrapper\">\n\t\t\t\t\t<a class=\"elementor-button elementor-button-link elementor-size-sm\" href=\"https:\/\/www.festivalportaferrada.cat\/\">\n\t\t\t\t\t\t<span class=\"elementor-button-content-wrapper\">\n\t\t\t\t\t\t\t\t\t<span class=\"elementor-button-text\">Porta ferrada<\/span>\n\t\t\t\t\t<\/span>\n\t\t\t\t\t<\/a>\n\t\t\t\t<\/div>\n\t\t\t\t\t\t\t\t<\/div>\n\t\t\t\t<\/div>\n\t\t\t\t<div class=\"elementor-element elementor-element-fc07a77 elementor-align-right elementor-widget__width-initial elementor-mobile-align-center elementor-invisible elementor-widget elementor-widget-button\" data-id=\"fc07a77\" data-element_type=\"widget\" data-e-type=\"widget\" data-settings=\"{&quot;_animation&quot;:&quot;fadeInUp&quot;}\" data-widget_type=\"button.default\">\n\t\t\t\t<div class=\"elementor-widget-container\">\n\t\t\t\t\t\t\t\t\t<div class=\"elementor-button-wrapper\">\n\t\t\t\t\t<a class=\"elementor-button elementor-button-link elementor-size-sm\" href=\"https:\/\/caproigfestival.com\/\">\n\t\t\t\t\t\t<span class=\"elementor-button-content-wrapper\">\n\t\t\t\t\t\t\t\t\t<span class=\"elementor-button-text\">Cap roig festival<\/span>\n\t\t\t\t\t<\/span>\n\t\t\t\t\t<\/a>\n\t\t\t\t<\/div>\n\t\t\t\t\t\t\t\t<\/div>\n\t\t\t\t<\/div>\n\t\t\t\t\t<\/div>\n\t\t<\/div>\n\t\t\t\t<div class=\"elementor-column elementor-col-50 elementor-top-column elementor-element elementor-element-347177a\" data-id=\"347177a\" data-element_type=\"column\" data-e-type=\"column\">\n\t\t\t<div class=\"elementor-widget-wrap elementor-element-populated\">\n\t\t\t\t\t\t<div class=\"elementor-element elementor-element-bfd9e45 elementor-widget elementor-widget-image\" data-id=\"bfd9e45\" data-element_type=\"widget\" data-e-type=\"widget\" data-widget_type=\"image.default\">\n\t\t\t\t<div class=\"elementor-widget-container\">\n\t\t\t\t\t\t\t\t\t\t\t\t\t\t\t<img loading=\"lazy\" decoding=\"async\" width=\"700\" height=\"394\" src=\"https:\/\/www.campingridaura.com\/wp-content\/uploads\/2024\/05\/caproig-min.jpeg\" class=\"attachment-large size-large wp-image-4490\" alt=\"\" srcset=\"https:\/\/www.campingridaura.com\/wp-content\/uploads\/2024\/05\/caproig-min.jpeg 700w, https:\/\/www.campingridaura.com\/wp-content\/uploads\/2024\/05\/caproig-min-300x169.jpeg 300w, https:\/\/www.campingridaura.com\/wp-content\/uploads\/2024\/05\/caproig-min-600x338.jpeg 600w\" sizes=\"(max-width: 700px) 100vw, 700px\" \/>\t\t\t\t\t\t\t\t\t\t\t\t\t\t\t<\/div>\n\t\t\t\t<\/div>\n\t\t\t\t\t<\/div>\n\t\t<\/div>\n\t\t\t\t\t<\/div>\n\t\t<\/section>\n\t\t\t\t<section class=\"elementor-section elementor-top-section elementor-element elementor-element-6aeaca6 elementor-section-full_width qodef-elementor-content-grid elementor-section-height-default elementor-section-height-default\" data-id=\"6aeaca6\" data-element_type=\"section\" data-e-type=\"section\">\n\t\t\t\t\t\t<div class=\"elementor-container elementor-column-gap-default\">\n\t\t\t\t\t<div class=\"elementor-column elementor-col-50 elementor-top-column elementor-element elementor-element-c087e87\" data-id=\"c087e87\" data-element_type=\"column\" data-e-type=\"column\">\n\t\t\t<div class=\"elementor-widget-wrap elementor-element-populated\">\n\t\t\t\t\t\t<div class=\"elementor-element elementor-element-9fdd766 elementor-widget elementor-widget-image\" data-id=\"9fdd766\" data-element_type=\"widget\" data-e-type=\"widget\" data-widget_type=\"image.default\">\n\t\t\t\t<div class=\"elementor-widget-container\">\n\t\t\t\t\t\t\t\t\t\t\t\t\t\t\t<img loading=\"lazy\" decoding=\"async\" width=\"700\" height=\"394\" src=\"https:\/\/www.campingridaura.com\/wp-content\/uploads\/2024\/05\/parc-art-min.jpeg\" class=\"attachment-large size-large wp-image-4485\" alt=\"\" srcset=\"https:\/\/www.campingridaura.com\/wp-content\/uploads\/2024\/05\/parc-art-min.jpeg 700w, https:\/\/www.campingridaura.com\/wp-content\/uploads\/2024\/05\/parc-art-min-300x169.jpeg 300w, https:\/\/www.campingridaura.com\/wp-content\/uploads\/2024\/05\/parc-art-min-600x338.jpeg 600w\" sizes=\"(max-width: 700px) 100vw, 700px\" \/>\t\t\t\t\t\t\t\t\t\t\t\t\t\t\t<\/div>\n\t\t\t\t<\/div>\n\t\t\t\t\t<\/div>\n\t\t<\/div>\n\t\t\t\t<div class=\"elementor-column elementor-col-50 elementor-top-column elementor-element elementor-element-c2b6f53\" data-id=\"c2b6f53\" data-element_type=\"column\" data-e-type=\"column\">\n\t\t\t<div class=\"elementor-widget-wrap elementor-element-populated\">\n\t\t\t\t\t\t<div class=\"elementor-element elementor-element-b2f083d elementor-widget elementor-widget-kamperen_core_section_title\" data-id=\"b2f083d\" data-element_type=\"widget\" data-e-type=\"widget\" data-widget_type=\"kamperen_core_section_title.default\">\n\t\t\t\t<div class=\"elementor-widget-container\">\n\t\t\t\t\t<div class=\"qodef-shortcode qodef-m  qodef-section-title qodef-alignment--left \">\n\t\t<div class=\"qodef-m-tagline-mark\" >\n\t\tParc art\t<\/div>\n\t\t<h3 class=\"qodef-m-title\" style=\"margin-top: 8px\">\n\t\t\t\t\tExplorez cet espace unique o\u00f9 l'art se fond dans la nature, offrant des sculptures en plein air dans un environnement verdoyant \u00e0 Cass\u00e0 de la Selva\t\t\t<\/h3>\n\t<\/div>\n\t\t\t\t<\/div>\n\t\t\t\t<\/div>\n\t\t\t\t<div class=\"elementor-element elementor-element-0129cee elementor-align-left elementor-invisible elementor-widget elementor-widget-button\" data-id=\"0129cee\" data-element_type=\"widget\" data-e-type=\"widget\" data-settings=\"{&quot;_animation&quot;:&quot;fadeInUp&quot;}\" data-widget_type=\"button.default\">\n\t\t\t\t<div class=\"elementor-widget-container\">\n\t\t\t\t\t\t\t\t\t<div class=\"elementor-button-wrapper\">\n\t\t\t\t\t<a class=\"elementor-button elementor-button-link elementor-size-sm\" href=\"http:\/\/www.parcart.net\/\">\n\t\t\t\t\t\t<span class=\"elementor-button-content-wrapper\">\n\t\t\t\t\t\t\t\t\t<span class=\"elementor-button-text\">Plus d'informations<\/span>\n\t\t\t\t\t<\/span>\n\t\t\t\t\t<\/a>\n\t\t\t\t<\/div>\n\t\t\t\t\t\t\t\t<\/div>\n\t\t\t\t<\/div>\n\t\t\t\t\t<\/div>\n\t\t<\/div>\n\t\t\t\t\t<\/div>\n\t\t<\/section>\n\t\t\t\t<section class=\"elementor-section elementor-top-section elementor-element elementor-element-38114e8 elementor-section-full_width elementor-section-height-default elementor-section-height-default qodef-elementor-content-no\" data-id=\"38114e8\" data-element_type=\"section\" data-e-type=\"section\">\n\t\t\t\t\t\t<div class=\"elementor-container elementor-column-gap-default\">\n\t\t\t\t\t<div class=\"elementor-column elementor-col-100 elementor-top-column elementor-element elementor-element-a1c9263\" data-id=\"a1c9263\" data-element_type=\"column\" data-e-type=\"column\">\n\t\t\t<div class=\"elementor-widget-wrap elementor-element-populated\">\n\t\t\t\t\t\t<div class=\"elementor-element elementor-element-e4bc80f elementor-widget elementor-widget-sidebar\" data-id=\"e4bc80f\" data-element_type=\"widget\" data-e-type=\"widget\" data-widget_type=\"sidebar.default\">\n\t\t\t\t<div class=\"elementor-widget-container\">\n\t\t\t\t\t<div class=\"widget widget_kamperen_core_instagram_list\" data-area=\"instagram-pages\"><div class=\"qodef-shortcode qodef-m  qodef-instagram-list qodef-instagram-columns \">\t<\/div><\/div>\t\t\t\t<\/div>\n\t\t\t\t<\/div>\n\t\t\t\t\t<\/div>\n\t\t<\/div>\n\t\t\t\t\t<\/div>\n\t\t<\/section>\n\t\t\t\t<\/div>\n\t\t","protected":false},"excerpt":{"rendered":"<p>Environnement Profitez de la Costa Brava Notre camping est l&rsquo;endroit id\u00e9al pour se d\u00e9tendre, profiter de la nature et passer du temps de qualit\u00e9 en famille et entre amis. D\u00e9couvrez une vari\u00e9t\u00e9 de services con\u00e7us pour rendre votre s\u00e9jour m\u00e9morable. Costa Brava Explorez les plages embl\u00e9matiques et les criques cach\u00e9es, id\u00e9al pour les amateurs de [&hellip;]<\/p>\n","protected":false},"author":1,"featured_media":4515,"parent":0,"menu_order":0,"comment_status":"closed","ping_status":"closed","template":"page-full-width.php","meta":{"footnotes":""},"class_list":["post-4739","page","type-page","status-publish","has-post-thumbnail","hentry"],"yoast_head":"<!-- This site is optimized with the Yoast SEO plugin v27.5 - https:\/\/yoast.com\/product\/yoast-seo-wordpress\/ -->\n<title>Explorez les environs du Camping Ridaura - Costa Brava<\/title>\n<meta name=\"description\" content=\"D\u00e9couvrez tout ce que les environs du Camping Ridaura ont \u00e0 offrir. Des sentiers de randonn\u00e9e aux activit\u00e9s culturelles, profitez d&#039;un cadre incomparable sur la Costa Brava. Id\u00e9al pour les aventuriers et les familles.\" \/>\n<meta name=\"robots\" content=\"index, follow, max-snippet:-1, max-image-preview:large, max-video-preview:-1\" \/>\n<link rel=\"canonical\" href=\"https:\/\/www.campingridaura.com\/fr\/entorn\/\" \/>\n<meta property=\"og:locale\" content=\"fr_FR\" \/>\n<meta property=\"og:type\" content=\"article\" \/>\n<meta property=\"og:title\" content=\"Explorez les environs du Camping Ridaura - Costa Brava\" \/>\n<meta property=\"og:description\" content=\"D\u00e9couvrez tout ce que les environs du Camping Ridaura ont \u00e0 offrir. Des sentiers de randonn\u00e9e aux activit\u00e9s culturelles, profitez d&#039;un cadre incomparable sur la Costa Brava. Id\u00e9al pour les aventuriers et les familles.\" \/>\n<meta property=\"og:url\" content=\"https:\/\/www.campingridaura.com\/fr\/entorn\/\" \/>\n<meta property=\"og:site_name\" content=\"Camping Ridaura\" \/>\n<meta property=\"article:modified_time\" content=\"2024-05-31T15:43:05+00:00\" \/>\n<meta property=\"og:image\" content=\"https:\/\/www.campingridaura.com\/wp-content\/uploads\/2024\/05\/costa-brava-1-min.jpeg\" \/>\n\t<meta property=\"og:image:width\" content=\"2080\" \/>\n\t<meta property=\"og:image:height\" content=\"1560\" \/>\n\t<meta property=\"og:image:type\" content=\"image\/jpeg\" \/>\n<meta name=\"twitter:card\" content=\"summary_large_image\" \/>\n<meta name=\"twitter:label1\" content=\"Dur\u00e9e de lecture estim\u00e9e\" \/>\n\t<meta name=\"twitter:data1\" content=\"4 minutes\" \/>\n<script type=\"application\/ld+json\" class=\"yoast-schema-graph\">{\"@context\":\"https:\\\/\\\/schema.org\",\"@graph\":[{\"@type\":\"WebPage\",\"@id\":\"https:\\\/\\\/www.campingridaura.com\\\/fr\\\/entorn\\\/\",\"url\":\"https:\\\/\\\/www.campingridaura.com\\\/fr\\\/entorn\\\/\",\"name\":\"Explorez les environs du Camping Ridaura - Costa Brava\",\"isPartOf\":{\"@id\":\"https:\\\/\\\/www.campingridaura.com\\\/fr\\\/#website\"},\"primaryImageOfPage\":{\"@id\":\"https:\\\/\\\/www.campingridaura.com\\\/fr\\\/entorn\\\/#primaryimage\"},\"image\":{\"@id\":\"https:\\\/\\\/www.campingridaura.com\\\/fr\\\/entorn\\\/#primaryimage\"},\"thumbnailUrl\":\"https:\\\/\\\/www.campingridaura.com\\\/wp-content\\\/uploads\\\/2024\\\/05\\\/costa-brava-1-min.jpeg\",\"datePublished\":\"2021-06-08T12:05:01+00:00\",\"dateModified\":\"2024-05-31T15:43:05+00:00\",\"description\":\"D\u00e9couvrez tout ce que les environs du Camping Ridaura ont \u00e0 offrir. Des sentiers de randonn\u00e9e aux activit\u00e9s culturelles, profitez d'un cadre incomparable sur la Costa Brava. Id\u00e9al pour les aventuriers et les familles.\",\"breadcrumb\":{\"@id\":\"https:\\\/\\\/www.campingridaura.com\\\/fr\\\/entorn\\\/#breadcrumb\"},\"inLanguage\":\"fr-FR\",\"potentialAction\":[{\"@type\":\"ReadAction\",\"target\":[\"https:\\\/\\\/www.campingridaura.com\\\/fr\\\/entorn\\\/\"]}]},{\"@type\":\"ImageObject\",\"inLanguage\":\"fr-FR\",\"@id\":\"https:\\\/\\\/www.campingridaura.com\\\/fr\\\/entorn\\\/#primaryimage\",\"url\":\"https:\\\/\\\/www.campingridaura.com\\\/wp-content\\\/uploads\\\/2024\\\/05\\\/costa-brava-1-min.jpeg\",\"contentUrl\":\"https:\\\/\\\/www.campingridaura.com\\\/wp-content\\\/uploads\\\/2024\\\/05\\\/costa-brava-1-min.jpeg\",\"width\":2080,\"height\":1560},{\"@type\":\"BreadcrumbList\",\"@id\":\"https:\\\/\\\/www.campingridaura.com\\\/fr\\\/entorn\\\/#breadcrumb\",\"itemListElement\":[{\"@type\":\"ListItem\",\"position\":1,\"name\":\"Inici\",\"item\":\"https:\\\/\\\/www.campingridaura.com\\\/fr\\\/\"},{\"@type\":\"ListItem\",\"position\":2,\"name\":\"Entorn\"}]},{\"@type\":\"WebSite\",\"@id\":\"https:\\\/\\\/www.campingridaura.com\\\/fr\\\/#website\",\"url\":\"https:\\\/\\\/www.campingridaura.com\\\/fr\\\/\",\"name\":\"C\u00e0mping Ridaura\",\"description\":\"Vacances en familia!\",\"publisher\":{\"@id\":\"https:\\\/\\\/www.campingridaura.com\\\/fr\\\/#organization\"},\"potentialAction\":[{\"@type\":\"SearchAction\",\"target\":{\"@type\":\"EntryPoint\",\"urlTemplate\":\"https:\\\/\\\/www.campingridaura.com\\\/fr\\\/?s={search_term_string}\"},\"query-input\":{\"@type\":\"PropertyValueSpecification\",\"valueRequired\":true,\"valueName\":\"search_term_string\"}}],\"inLanguage\":\"fr-FR\"},{\"@type\":\"Organization\",\"@id\":\"https:\\\/\\\/www.campingridaura.com\\\/fr\\\/#organization\",\"name\":\"C\u00e0mping Ridaura\",\"url\":\"https:\\\/\\\/www.campingridaura.com\\\/fr\\\/\",\"logo\":{\"@type\":\"ImageObject\",\"inLanguage\":\"fr-FR\",\"@id\":\"https:\\\/\\\/www.campingridaura.com\\\/fr\\\/#\\\/schema\\\/logo\\\/image\\\/\",\"url\":\"https:\\\/\\\/www.campingridaura.com\\\/wp-content\\\/uploads\\\/2024\\\/03\\\/logo-camping-ridaura-min.png\",\"contentUrl\":\"https:\\\/\\\/www.campingridaura.com\\\/wp-content\\\/uploads\\\/2024\\\/03\\\/logo-camping-ridaura-min.png\",\"width\":608,\"height\":438,\"caption\":\"C\u00e0mping Ridaura\"},\"image\":{\"@id\":\"https:\\\/\\\/www.campingridaura.com\\\/fr\\\/#\\\/schema\\\/logo\\\/image\\\/\"},\"sameAs\":[\"https:\\\/\\\/www.instagram.com\\\/campingridaura\\\/\"]}]}<\/script>\n<!-- \/ Yoast SEO plugin. -->","yoast_head_json":{"title":"Explorez les environs du Camping Ridaura - Costa Brava","description":"D\u00e9couvrez tout ce que les environs du Camping Ridaura ont \u00e0 offrir. Des sentiers de randonn\u00e9e aux activit\u00e9s culturelles, profitez d'un cadre incomparable sur la Costa Brava. Id\u00e9al pour les aventuriers et les familles.","robots":{"index":"index","follow":"follow","max-snippet":"max-snippet:-1","max-image-preview":"max-image-preview:large","max-video-preview":"max-video-preview:-1"},"canonical":"https:\/\/www.campingridaura.com\/fr\/entorn\/","og_locale":"fr_FR","og_type":"article","og_title":"Explorez les environs du Camping Ridaura - Costa Brava","og_description":"D\u00e9couvrez tout ce que les environs du Camping Ridaura ont \u00e0 offrir. Des sentiers de randonn\u00e9e aux activit\u00e9s culturelles, profitez d'un cadre incomparable sur la Costa Brava. Id\u00e9al pour les aventuriers et les familles.","og_url":"https:\/\/www.campingridaura.com\/fr\/entorn\/","og_site_name":"Camping Ridaura","article_modified_time":"2024-05-31T15:43:05+00:00","og_image":[{"width":2080,"height":1560,"url":"https:\/\/www.campingridaura.com\/wp-content\/uploads\/2024\/05\/costa-brava-1-min.jpeg","type":"image\/jpeg"}],"twitter_card":"summary_large_image","twitter_misc":{"Dur\u00e9e de lecture estim\u00e9e":"4 minutes"},"schema":{"@context":"https:\/\/schema.org","@graph":[{"@type":"WebPage","@id":"https:\/\/www.campingridaura.com\/fr\/entorn\/","url":"https:\/\/www.campingridaura.com\/fr\/entorn\/","name":"Explorez les environs du Camping Ridaura - Costa Brava","isPartOf":{"@id":"https:\/\/www.campingridaura.com\/fr\/#website"},"primaryImageOfPage":{"@id":"https:\/\/www.campingridaura.com\/fr\/entorn\/#primaryimage"},"image":{"@id":"https:\/\/www.campingridaura.com\/fr\/entorn\/#primaryimage"},"thumbnailUrl":"https:\/\/www.campingridaura.com\/wp-content\/uploads\/2024\/05\/costa-brava-1-min.jpeg","datePublished":"2021-06-08T12:05:01+00:00","dateModified":"2024-05-31T15:43:05+00:00","description":"D\u00e9couvrez tout ce que les environs du Camping Ridaura ont \u00e0 offrir. Des sentiers de randonn\u00e9e aux activit\u00e9s culturelles, profitez d'un cadre incomparable sur la Costa Brava. Id\u00e9al pour les aventuriers et les familles.","breadcrumb":{"@id":"https:\/\/www.campingridaura.com\/fr\/entorn\/#breadcrumb"},"inLanguage":"fr-FR","potentialAction":[{"@type":"ReadAction","target":["https:\/\/www.campingridaura.com\/fr\/entorn\/"]}]},{"@type":"ImageObject","inLanguage":"fr-FR","@id":"https:\/\/www.campingridaura.com\/fr\/entorn\/#primaryimage","url":"https:\/\/www.campingridaura.com\/wp-content\/uploads\/2024\/05\/costa-brava-1-min.jpeg","contentUrl":"https:\/\/www.campingridaura.com\/wp-content\/uploads\/2024\/05\/costa-brava-1-min.jpeg","width":2080,"height":1560},{"@type":"BreadcrumbList","@id":"https:\/\/www.campingridaura.com\/fr\/entorn\/#breadcrumb","itemListElement":[{"@type":"ListItem","position":1,"name":"Inici","item":"https:\/\/www.campingridaura.com\/fr\/"},{"@type":"ListItem","position":2,"name":"Entorn"}]},{"@type":"WebSite","@id":"https:\/\/www.campingridaura.com\/fr\/#website","url":"https:\/\/www.campingridaura.com\/fr\/","name":"C\u00e0mping Ridaura","description":"Vacances en familia!","publisher":{"@id":"https:\/\/www.campingridaura.com\/fr\/#organization"},"potentialAction":[{"@type":"SearchAction","target":{"@type":"EntryPoint","urlTemplate":"https:\/\/www.campingridaura.com\/fr\/?s={search_term_string}"},"query-input":{"@type":"PropertyValueSpecification","valueRequired":true,"valueName":"search_term_string"}}],"inLanguage":"fr-FR"},{"@type":"Organization","@id":"https:\/\/www.campingridaura.com\/fr\/#organization","name":"C\u00e0mping Ridaura","url":"https:\/\/www.campingridaura.com\/fr\/","logo":{"@type":"ImageObject","inLanguage":"fr-FR","@id":"https:\/\/www.campingridaura.com\/fr\/#\/schema\/logo\/image\/","url":"https:\/\/www.campingridaura.com\/wp-content\/uploads\/2024\/03\/logo-camping-ridaura-min.png","contentUrl":"https:\/\/www.campingridaura.com\/wp-content\/uploads\/2024\/03\/logo-camping-ridaura-min.png","width":608,"height":438,"caption":"C\u00e0mping Ridaura"},"image":{"@id":"https:\/\/www.campingridaura.com\/fr\/#\/schema\/logo\/image\/"},"sameAs":["https:\/\/www.instagram.com\/campingridaura\/"]}]}},"_links":{"self":[{"href":"https:\/\/www.campingridaura.com\/fr\/wp-json\/wp\/v2\/pages\/4739","targetHints":{"allow":["GET"]}}],"collection":[{"href":"https:\/\/www.campingridaura.com\/fr\/wp-json\/wp\/v2\/pages"}],"about":[{"href":"https:\/\/www.campingridaura.com\/fr\/wp-json\/wp\/v2\/types\/page"}],"author":[{"embeddable":true,"href":"https:\/\/www.campingridaura.com\/fr\/wp-json\/wp\/v2\/users\/1"}],"replies":[{"embeddable":true,"href":"https:\/\/www.campingridaura.com\/fr\/wp-json\/wp\/v2\/comments?post=4739"}],"version-history":[{"count":7,"href":"https:\/\/www.campingridaura.com\/fr\/wp-json\/wp\/v2\/pages\/4739\/revisions"}],"predecessor-version":[{"id":5284,"href":"https:\/\/www.campingridaura.com\/fr\/wp-json\/wp\/v2\/pages\/4739\/revisions\/5284"}],"wp:featuredmedia":[{"embeddable":true,"href":"https:\/\/www.campingridaura.com\/fr\/wp-json\/wp\/v2\/media\/4515"}],"wp:attachment":[{"href":"https:\/\/www.campingridaura.com\/fr\/wp-json\/wp\/v2\/media?parent=4739"}],"curies":[{"name":"wp","href":"https:\/\/api.w.org\/{rel}","templated":true}]}}