{"id":4780,"date":"2021-06-08T11:56:32","date_gmt":"2021-06-08T10:56:32","guid":{"rendered":"https:\/\/www.campingridaura.com\/faqs\/"},"modified":"2025-04-02T18:33:47","modified_gmt":"2025-04-02T17:33:47","slug":"faqs","status":"publish","type":"page","link":"https:\/\/www.campingridaura.com\/es\/faqs\/","title":{"rendered":"FAQS"},"content":{"rendered":"\t\t<div data-elementor-type=\"wp-page\" data-elementor-id=\"4780\" class=\"elementor elementor-4780 elementor-1021\">\n\t\t\t\t<div class=\"elementor-element elementor-element-f7e81d7 e-con-full e-flex e-con e-parent\" data-id=\"f7e81d7\" data-element_type=\"container\" data-e-type=\"container\">\n\t\t\t\t<\/div>\n\t\t<div class=\"elementor-element elementor-element-92fa9be e-flex e-con-boxed e-con e-parent\" data-id=\"92fa9be\" data-element_type=\"container\" data-e-type=\"container\">\n\t\t\t\t\t<div class=\"e-con-inner\">\n\t\t\t\t<div class=\"elementor-element elementor-element-cef973a elementor-widget elementor-widget-spacer\" data-id=\"cef973a\" data-element_type=\"widget\" data-e-type=\"widget\" data-widget_type=\"spacer.default\">\n\t\t\t\t<div class=\"elementor-widget-container\">\n\t\t\t\t\t\t\t<div class=\"elementor-spacer\">\n\t\t\t<div class=\"elementor-spacer-inner\"><\/div>\n\t\t<\/div>\n\t\t\t\t\t\t<\/div>\n\t\t\t\t<\/div>\n\t\t\t\t\t<\/div>\n\t\t\t\t<\/div>\n\t\t<div class=\"elementor-element elementor-element-21e9f7b e-flex e-con-boxed e-con e-parent\" data-id=\"21e9f7b\" data-element_type=\"container\" data-e-type=\"container\">\n\t\t\t\t\t<div class=\"e-con-inner\">\n\t\t\t\t<div class=\"elementor-element elementor-element-466d7c0 elementor-widget elementor-widget-qi_addons_for_elementor_faq\" data-id=\"466d7c0\" data-element_type=\"widget\" data-e-type=\"widget\" data-widget_type=\"qi_addons_for_elementor_faq.default\">\n\t\t\t\t<div class=\"elementor-widget-container\">\n\t\t\t\t\t<div class=\"qodef-shortcode qodef-m qodef-qi-faq qodef-qi-clear qodef-behavior--none qodef-layout--simple qodef-style--standard\">\n\t<h3 class=\"qodef-e-title-holder\">\n\t<span class=\"qodef-e-title\">\n\t\t\t\t\u00bfA qu\u00e9 distancia est\u00e1n las playas m\u00e1s cercanas?\t<\/span>\n\t<\/h3>\n<div class=\"qodef-e-content\">\n\t<div class=\"qodef-e-content-inner\">\n\t\t<p><span class=\"ff1\">Sant Feliu de Gu\u00edxols a 8 km.<\/span><br \/><span class=\"ff1\">S'Agar\u00f3 a 9 km.<\/span><br \/><span class=\"ff1\">Platja d'Aro a 10 km.<\/span><\/p>\t<\/div>\n<\/div>\n<h3 class=\"qodef-e-title-holder\">\n\t<span class=\"qodef-e-title\">\n\t\t\t\t\u00bfA qu\u00e9 distancia hay una estaci\u00f3n de tren?\t<\/span>\n\t<\/h3>\n<div class=\"qodef-e-content\">\n\t<div class=\"qodef-e-content-inner\">\n\t\t<p><span class=\"ff1\">Caldes de Malavella a 13 km.<\/span><\/p><p><span class=\"ff1\">Girona a 25 km.<\/span><\/p><p><a href=\"https:\/\/www.adif.es\/inicio\">[+ Informaci\u00f3n]<\/a><\/p>\t<\/div>\n<\/div>\n<h3 class=\"qodef-e-title-holder\">\n\t<span class=\"qodef-e-title\">\n\t\t\t\t\u00bfCu\u00e1l es la parada de bus m\u00e1s cercana al camping?\t<\/span>\n\t<\/h3>\n<div class=\"qodef-e-content\">\n\t<div class=\"qodef-e-content-inner\">\n\t\t<p><span class=\"ff1\">En Santa Cristina d'Aro, a 4 km.<\/span><br \/><span class=\"ff1\">En Llagostera, 6 Km.<\/span><br \/><a href=\"https:\/\/www.moventis.es\/es\/Marcas\/moventis-sarfa\">[+ Informaci\u00f3n]<\/a><\/p>\t<\/div>\n<\/div>\n<h3 class=\"qodef-e-title-holder\">\n\t<span class=\"qodef-e-title\">\n\t\t\t\t\u00bfSe puede hacer barbacoa?\t<\/span>\n\t<\/h3>\n<div class=\"qodef-e-content\">\n\t<div class=\"qodef-e-content-inner\">\n\t\t<p>En la parcela, solo se permiten las de gas. Y en la entrada del camping hay comunitarias.<\/p>\t<\/div>\n<\/div>\n<h3 class=\"qodef-e-title-holder\">\n\t<span class=\"qodef-e-title\">\n\t\t\t\t\u00bfSe permite la entrada de perros?\t<\/span>\n\t<\/h3>\n<div class=\"qodef-e-content\">\n\t<div class=\"qodef-e-content-inner\">\n\t\t<p>No, no se permite la entrada de perros en el camping.<\/p>\t<\/div>\n<\/div>\n<h3 class=\"qodef-e-title-holder\">\n\t<span class=\"qodef-e-title\">\n\t\t\t\t\u00bfHay Wi-Fi en el camping?\t<\/span>\n\t<\/h3>\n<div class=\"qodef-e-content\">\n\t<div class=\"qodef-e-content-inner\">\n\t\t<p>S\u00ed, en todo el camping y es <strong>gratuito.<\/strong><\/p>\t<\/div>\n<\/div>\n<h3 class=\"qodef-e-title-holder\">\n\t<span class=\"qodef-e-title\">\n\t\t\t\t\u00bfSe alquilan neveras?\t<\/span>\n\t<\/h3>\n<div class=\"qodef-e-content\">\n\t<div class=\"qodef-e-content-inner\">\n\t\t<div>Si desea alquilar una nevera, puede hacerlo con esta empresa:<\/div><div><a href=\"https:\/\/www.rentit.es\/ca\/\">Rentit<\/a><\/div>\t<\/div>\n<\/div>\n<h3 class=\"qodef-e-title-holder\">\n\t<span class=\"qodef-e-title\">\n\t\t\t\t\u00bfDe cu\u00e1ntos amperios se dispone por parcela?\t<\/span>\n\t<\/h3>\n<div class=\"qodef-e-content\">\n\t<div class=\"qodef-e-content-inner\">\n\t\t<div>10 A (2.200 W), y est\u00e1 incluido en el precio. Se necesita el enchufe tipo CETACT II+T 16A o el CETACT A SCHUKO [+info wikipedia] Adaptadores disponibles CETACT a SCHUKO en recepci\u00f3n con un dep\u00f3sito de 25,00 \u20ac<\/div><div>\u00a0<\/div><div>\u00a0<\/div><div><img decoding=\"async\" class=\"image-3 alignnone\" title=\"\" src=\"https:\/\/www.campingridaura.com\/images\/cetack_zqwrbkoz.png\" alt=\"\" \/><img decoding=\"async\" class=\"alignnone  wp-image-5567\" src=\"https:\/\/www.campingridaura.com\/wp-content\/uploads\/2024\/07\/Parc_Cetack_0001.png\" alt=\"\" width=\"108\" height=\"162\" \/><img decoding=\"async\" class=\"image-5\" title=\"\" src=\"https:\/\/www.campingridaura.com\/images\/AdapCetaSchu_nwk4ue2c.png\" alt=\"\" \/><\/div>\t<\/div>\n<\/div>\n<h3 class=\"qodef-e-title-holder\">\n\t<span class=\"qodef-e-title\">\n\t\t\t\t\u00bfQu\u00e9 importe tienen las tasas tur\u00edsticas?\t<\/span>\n\t<\/h3>\n<div class=\"qodef-e-content\">\n\t<div class=\"qodef-e-content-inner\">\n\t\t<p>Las tasas tur\u00edsticas tienen un coste de hasta 0,66 c\u00e9ntimos de Euro por persona mayor de 17 a\u00f1os y con un m\u00e1ximo de 7 noches de estancia.<\/p>\t<\/div>\n<\/div>\n<h3 class=\"qodef-e-title-holder\">\n\t<span class=\"qodef-e-title\">\n\t\t\t\t\u00bfNecesito hacer un transfer, lo hacen?\t<\/span>\n\t<\/h3>\n<div class=\"qodef-e-content\">\n\t<div class=\"qodef-e-content-inner\">\n\t\t<p>S\u00ed, ofrecemos los siguientes:<\/p><ul><li>Aeropuerto Girona Costa Brava ~ Camping Ridaura<\/li><li>Recogida de bicicletas en la V\u00eda Verde en caso de necesidad<\/li><li>Pirinexus: Transporte de equipaje al siguiente alojamiento<\/li><li>V\u00eda Verde Girona: Ofrecemos llevarte o recogerte.<\/li><\/ul><p>Solicite presupuesto.<\/p>\t<\/div>\n<\/div>\n<h3 class=\"qodef-e-title-holder\">\n\t<span class=\"qodef-e-title\">\n\t\t\t\t\u00bfCu\u00e1les son los mercados semanales cerca del Camping Ridaura?\t<\/span>\n\t<\/h3>\n<div class=\"qodef-e-content\">\n\t<div class=\"qodef-e-content-inner\">\n\t\t<p>Lunes: Blanes, Santa Coloma de Farners, Torroella de Montgr\u00ed.<br \/>Martes: Girona, Palam\u00f3s, Caldes de Malavella. <br \/>Mi\u00e9rcoles: Cass\u00e0 de la Selva. <br \/>Jueves: Llagostera, l'Estartit. <br \/>Viernes: Castell-Platja d'Aro. <br \/>S\u00e1bado: Santa Cristina d'Aro, Santa Coloma de Farners. <br \/>Domingo: Sant Feliu de Gu\u00edxols<\/p>\t<\/div>\n<\/div>\n<\/div>\n\t<script type=\"application\/ld+json\">{\"@context\":\"https:\\\/\\\/schema.org\",\"@type\":\"FAQPage\",\"mainEntity\":[{\"@type\":\"Question\",\"name\":\"\\u00bfA qu\\u00e9 distancia est\\u00e1n las playas m\\u00e1s cercanas?\",\"acceptedAnswer\":{\"@type\":\"Answer\",\"text\":\"<p><span class=\\\"ff1\\\">Sant Feliu de Gu\\u00edxols a 8 km.<\\\/span><br \\\/><span class=\\\"ff1\\\">S'Agar\\u00f3 a 9 km.<\\\/span><br \\\/><span class=\\\"ff1\\\">Platja d'Aro a 10 km.<\\\/span><\\\/p>\"}},{\"@type\":\"Question\",\"name\":\"\\u00bfA qu\\u00e9 distancia hay una estaci\\u00f3n de tren?\",\"acceptedAnswer\":{\"@type\":\"Answer\",\"text\":\"<p><span class=\\\"ff1\\\">Caldes de Malavella a 13 km.<\\\/span><\\\/p><p><span class=\\\"ff1\\\">Girona a 25 km.<\\\/span><\\\/p><p><a href=\\\"https:\\\/\\\/www.adif.es\\\/inicio\\\">[+ Informaci\\u00f3n]<\\\/a><\\\/p>\"}},{\"@type\":\"Question\",\"name\":\"\\u00bfCu\\u00e1l es la parada de bus m\\u00e1s cercana al camping?\",\"acceptedAnswer\":{\"@type\":\"Answer\",\"text\":\"<p><span class=\\\"ff1\\\">En Santa Cristina d'Aro, a 4 km.<\\\/span><br \\\/><span class=\\\"ff1\\\">En Llagostera, 6 Km.<\\\/span><br \\\/><a href=\\\"https:\\\/\\\/www.moventis.es\\\/es\\\/Marcas\\\/moventis-sarfa\\\">[+ Informaci\\u00f3n]<\\\/a><\\\/p>\"}},{\"@type\":\"Question\",\"name\":\"\\u00bfSe puede hacer barbacoa?\",\"acceptedAnswer\":{\"@type\":\"Answer\",\"text\":\"<p>En la parcela, solo se permiten las de gas. Y en la entrada del camping hay comunitarias.<\\\/p>\"}},{\"@type\":\"Question\",\"name\":\"\\u00bfSe permite la entrada de perros?\",\"acceptedAnswer\":{\"@type\":\"Answer\",\"text\":\"<p>No, no se permite la entrada de perros en el camping.<\\\/p>\"}},{\"@type\":\"Question\",\"name\":\"\\u00bfHay Wi-Fi en el camping?\",\"acceptedAnswer\":{\"@type\":\"Answer\",\"text\":\"<p>S\\u00ed, en todo el camping y es <strong>gratuito.<\\\/strong><\\\/p>\"}},{\"@type\":\"Question\",\"name\":\"\\u00bfSe alquilan neveras?\",\"acceptedAnswer\":{\"@type\":\"Answer\",\"text\":\"<div>Si desea alquilar una nevera, puede hacerlo con esta empresa:<\\\/div><div><a href=\\\"https:\\\/\\\/www.rentit.es\\\/ca\\\/\\\">Rentit<\\\/a><\\\/div>\"}},{\"@type\":\"Question\",\"name\":\"\\u00bfDe cu\\u00e1ntos amperios se dispone por parcela?\",\"acceptedAnswer\":{\"@type\":\"Answer\",\"text\":\"<div>10 A (2.200 W), y est\\u00e1 incluido en el precio. Se necesita el enchufe tipo CETACT II+T 16A o el CETACT A SCHUKO [+info wikipedia] Adaptadores disponibles CETACT a SCHUKO en recepci\\u00f3n con un dep\\u00f3sito de 25,00 \\u20ac<\\\/div><div>\\u00a0<\\\/div><div>\\u00a0<\\\/div><div><img class=\\\"image-3 alignnone\\\" title=\\\"\\\" src=\\\"https:\\\/\\\/www.campingridaura.com\\\/images\\\/cetack_zqwrbkoz.png\\\" alt=\\\"\\\" \\\/><img class=\\\"alignnone  wp-image-5567\\\" src=\\\"https:\\\/\\\/www.campingridaura.com\\\/wp-content\\\/uploads\\\/2024\\\/07\\\/Parc_Cetack_0001.png\\\" alt=\\\"\\\" width=\\\"108\\\" height=\\\"162\\\" \\\/><img class=\\\"image-5\\\" title=\\\"\\\" src=\\\"https:\\\/\\\/www.campingridaura.com\\\/images\\\/AdapCetaSchu_nwk4ue2c.png\\\" alt=\\\"\\\" \\\/><\\\/div>\"}},{\"@type\":\"Question\",\"name\":\"\\u00bfQu\\u00e9 importe tienen las tasas tur\\u00edsticas?\",\"acceptedAnswer\":{\"@type\":\"Answer\",\"text\":\"<p>Las tasas tur\\u00edsticas tienen un coste de hasta 0,66 c\\u00e9ntimos de Euro por persona mayor de 17 a\\u00f1os y con un m\\u00e1ximo de 7 noches de estancia.<\\\/p>\"}},{\"@type\":\"Question\",\"name\":\"\\u00bfNecesito hacer un transfer, lo hacen?\",\"acceptedAnswer\":{\"@type\":\"Answer\",\"text\":\"<p>S\\u00ed, ofrecemos los siguientes:<\\\/p><ul><li>Aeropuerto Girona Costa Brava ~ Camping Ridaura<\\\/li><li>Recogida de bicicletas en la V\\u00eda Verde en caso de necesidad<\\\/li><li>Pirinexus: Transporte de equipaje al siguiente alojamiento<\\\/li><li>V\\u00eda Verde Girona: Ofrecemos llevarte o recogerte.<\\\/li><\\\/ul><p>Solicite presupuesto.<\\\/p>\"}},{\"@type\":\"Question\",\"name\":\"\\u00bfCu\\u00e1les son los mercados semanales cerca del Camping Ridaura?\",\"acceptedAnswer\":{\"@type\":\"Answer\",\"text\":\"<p>Lunes: Blanes, Santa Coloma de Farners, Torroella de Montgr\\u00ed.<br \\\/>Martes: Girona, Palam\\u00f3s, Caldes de Malavella. <br \\\/>Mi\\u00e9rcoles: Cass\\u00e0 de la Selva. <br \\\/>Jueves: Llagostera, l'Estartit. <br \\\/>Viernes: Castell-Platja d'Aro. <br \\\/>S\\u00e1bado: Santa Cristina d'Aro, Santa Coloma de Farners. <br \\\/>Domingo: Sant Feliu de Gu\\u00edxols<\\\/p>\"}}]}<\/script>\n\t\t\t\t<\/div>\n\t\t\t\t<\/div>\n\t\t\t\t<div class=\"elementor-element elementor-element-457cde6 elementor-widget elementor-widget-spacer\" data-id=\"457cde6\" data-element_type=\"widget\" data-e-type=\"widget\" data-widget_type=\"spacer.default\">\n\t\t\t\t<div class=\"elementor-widget-container\">\n\t\t\t\t\t\t\t<div class=\"elementor-spacer\">\n\t\t\t<div class=\"elementor-spacer-inner\"><\/div>\n\t\t<\/div>\n\t\t\t\t\t\t<\/div>\n\t\t\t\t<\/div>\n\t\t\t\t\t<\/div>\n\t\t\t\t<\/div>\n\t\t\t\t<section class=\"elementor-section elementor-top-section elementor-element elementor-element-e0ea9ed elementor-section-full_width elementor-section-height-default elementor-section-height-default qodef-elementor-content-no\" data-id=\"e0ea9ed\" data-element_type=\"section\" data-e-type=\"section\" data-settings=\"{&quot;background_background&quot;:&quot;classic&quot;}\">\n\t\t\t\t\t\t\t<div class=\"elementor-background-overlay\"><\/div>\n\t\t\t\t\t\t\t<div class=\"elementor-container elementor-column-gap-no\">\n\t\t\t\t\t<div class=\"elementor-column elementor-col-100 elementor-top-column elementor-element elementor-element-56055b8d\" data-id=\"56055b8d\" data-element_type=\"column\" data-e-type=\"column\">\n\t\t\t<div class=\"elementor-widget-wrap elementor-element-populated\">\n\t\t\t\t\t\t<div class=\"elementor-element elementor-element-fe312c1 elementor-widget elementor-widget-kamperen_core_custom_font\" data-id=\"fe312c1\" data-element_type=\"widget\" data-e-type=\"widget\" data-widget_type=\"kamperen_core_custom_font.default\">\n\t\t\t\t<div class=\"elementor-widget-container\">\n\t\t\t\t\t<p class=\"qodef-shortcode qodef-m  qodef-custom-font qodef-custom-font-855 qodef-layout--simple\" style=\"color: #FFFFFF;font-family: Prompt;font-size: 60px;line-height: 70px;letter-spacing: 0px;font-weight: 500;text-align: center\">Disfruta de la Costa Brava<\/p>\n\t\t\t\t<\/div>\n\t\t\t\t<\/div>\n\t\t\t\t<div class=\"elementor-element elementor-element-3455d98c elementor-widget__width-auto elementor-widget elementor-widget-kamperen_core_button\" data-id=\"3455d98c\" data-element_type=\"widget\" data-e-type=\"widget\" data-widget_type=\"kamperen_core_button.default\">\n\t\t\t\t<div class=\"elementor-widget-container\">\n\t\t\t\t\t<a class=\"qodef-shortcode qodef-m  qodef-button qodef-layout--filled qodef-size--large qodef-html--link\" href=\"\/es\/entorn\" target=\"_self\"  >\n\t<span class=\"qodef-m-text\">entorno<\/span>\n<\/a>\n\t\t\t\t<\/div>\n\t\t\t\t<\/div>\n\t\t\t\t\t<\/div>\n\t\t<\/div>\n\t\t\t\t\t<\/div>\n\t\t<\/section>\n\t\t\t\t<section class=\"elementor-section elementor-top-section elementor-element elementor-element-5ae4f465 elementor-section-full_width qodef-elementor-content-grid elementor-section-height-default elementor-section-height-default\" data-id=\"5ae4f465\" data-element_type=\"section\" data-e-type=\"section\">\n\t\t\t\t\t\t<div class=\"elementor-container elementor-column-gap-default\">\n\t\t\t\t\t<div class=\"elementor-column elementor-col-66 elementor-top-column elementor-element elementor-element-3fc8efdc\" data-id=\"3fc8efdc\" data-element_type=\"column\" data-e-type=\"column\">\n\t\t\t<div class=\"elementor-widget-wrap elementor-element-populated\">\n\t\t\t\t\t\t<div class=\"elementor-element elementor-element-f3f6752 elementor-widget elementor-widget-text-editor\" data-id=\"f3f6752\" data-element_type=\"widget\" data-e-type=\"widget\" data-widget_type=\"text-editor.default\">\n\t\t\t\t<div class=\"elementor-widget-container\">\n\t\t\t\t\t\t\t\t\t<h4>\u00bfC\u00f3mo podemos ayudarte?<\/h4>\t\t\t\t\t\t\t\t<\/div>\n\t\t\t\t<\/div>\n\t\t\t\t<div class=\"elementor-element elementor-element-3b78ca7 elementor-widget elementor-widget-text-editor\" data-id=\"3b78ca7\" data-element_type=\"widget\" data-e-type=\"widget\" data-widget_type=\"text-editor.default\">\n\t\t\t\t<div class=\"elementor-widget-container\">\n\t\t\t\t\t\t\t\t\t<p>Estamos aqu\u00ed para ayudarte a planificar tu escapada perfecta al camping. \u00bfTienes alguna pregunta o necesitas informaci\u00f3n adicional? No dudes en escribirnos.<\/p>\t\t\t\t\t\t\t\t<\/div>\n\t\t\t\t<\/div>\n\t\t\t\t<div class=\"elementor-element elementor-element-2a5af755 elementor-widget__width-initial elementor-widget elementor-widget-wp-widget-kamperen_core_contact_form_7\" data-id=\"2a5af755\" data-element_type=\"widget\" data-e-type=\"widget\" data-widget_type=\"wp-widget-kamperen_core_contact_form_7.default\">\n\t\t\t\t<div class=\"elementor-widget-container\">\n\t\t\t\t\t\t\t\t<div class=\"qodef-contact-form-7\">\n\t\t\t\t\n<div class=\"wpcf7 no-js\" id=\"wpcf7-f5063-o1\" lang=\"es-ES\" dir=\"ltr\" data-wpcf7-id=\"5063\">\n<div class=\"screen-reader-response\"><p role=\"status\" aria-live=\"polite\" aria-atomic=\"true\"><\/p> <ul><\/ul><\/div>\n<form action=\"\/es\/wp-json\/wp\/v2\/pages\/4780#wpcf7-f5063-o1\" method=\"post\" class=\"wpcf7-form init\" aria-label=\"Formulario de contacto\" novalidate=\"novalidate\" data-status=\"init\">\n<fieldset class=\"hidden-fields-container\"><input type=\"hidden\" name=\"_wpcf7\" value=\"5063\" \/><input type=\"hidden\" name=\"_wpcf7_version\" value=\"6.1.5\" \/><input type=\"hidden\" name=\"_wpcf7_locale\" value=\"es_ES\" \/><input type=\"hidden\" name=\"_wpcf7_unit_tag\" value=\"wpcf7-f5063-o1\" \/><input type=\"hidden\" name=\"_wpcf7_container_post\" value=\"0\" \/><input type=\"hidden\" name=\"_wpcf7_posted_data_hash\" value=\"\" \/>\n<\/fieldset>\n<label> Nombre y apellidos <span class=\"wpcf7-form-control-wrap\" data-name=\"your-name\"><input size=\"40\" maxlength=\"400\" class=\"wpcf7-form-control wpcf7-text wpcf7-validates-as-required\" autocomplete=\"name\" aria-required=\"true\" aria-invalid=\"false\" value=\"\" type=\"text\" name=\"your-name\" \/><\/span> <\/label>\n\n<label>Tel\u00e9fono <span class=\"wpcf7-form-control-wrap\" data-name=\"telefon\"><input size=\"40\" maxlength=\"400\" class=\"wpcf7-form-control wpcf7-tel wpcf7-validates-as-required wpcf7-text wpcf7-validates-as-tel\" aria-required=\"true\" aria-invalid=\"false\" value=\"\" type=\"tel\" name=\"telefon\" \/><\/span> <\/label>\n<label> e-mail:<span class=\"wpcf7-form-control-wrap\" data-name=\"your-email\"><input size=\"40\" maxlength=\"400\" class=\"wpcf7-form-control wpcf7-email wpcf7-validates-as-required wpcf7-text wpcf7-validates-as-email\" autocomplete=\"email\" aria-required=\"true\" aria-invalid=\"false\" value=\"\" type=\"email\" name=\"your-email\" \/><\/span> <\/label>\n\n<label> Mensaje (opcional) <span class=\"wpcf7-form-control-wrap\" data-name=\"your-message\"><textarea cols=\"40\" rows=\"10\" maxlength=\"2000\" class=\"wpcf7-form-control wpcf7-textarea\" aria-invalid=\"false\" name=\"your-message\"><\/textarea><\/span> <\/label>\n\n<span class=\"wpcf7-form-control-wrap\" data-name=\"rgpd\"><span class=\"wpcf7-form-control wpcf7-acceptance\"><span class=\"wpcf7-list-item\"><label><input type=\"checkbox\" name=\"rgpd\" value=\"1\" checked=\"checked\" aria-invalid=\"false\" \/><span class=\"wpcf7-list-item-label\"><a href=\"\/politica-de-privacitat\/\"target=\"_blank\"> He leido y acepto la Pol\u00edtica de privacidad del C\u00e0mping Ridaura <u>(click para m\u00e1s info)<\/u> <a><\/span><\/label><\/span><\/span><\/span> <br>\n\n<div id=\"cf7sr-69f7179e000b7\" class=\"cf7sr-g-recaptcha\" data-theme=\"light\" data-type=\"image\" data-size=\"normal\" data-sitekey=\"6LeHeRgTAAAAALlBY2nUZ7wj8U6uYgYQak5-5g95\"><\/div><span class=\"wpcf7-form-control-wrap cf7sr-recaptcha\" data-name=\"cf7sr-recaptcha\"><input type=\"hidden\" name=\"cf7sr-recaptcha\" value=\"\" class=\"wpcf7-form-control\"><\/span>\n\n<button class=\"wpcf7-form-control wpcf7-submit full-width-button qodef-shortcode qodef-m  qodef-button qodef-layout--textual  qodef-html--link\" type=\"submit\"><span class=\"qodef-m-text\">Enviar<\/span><span class=\"qodef-m-icon\"><svg xmlns=\"http:\/\/www.w3.org\/2000\/svg\" width=\"20.053\" height=\"10.039\" viewBox=\"0 0 20.053 10.039\"><path d=\"M17.474,11.444a.683.683,0,0,0-.005.962l3.179,3.184H3.549a.68.68,0,0,0,0,1.359H20.643l-3.179,3.184a.688.688,0,0,0,.005.962.677.677,0,0,0,.957-.005l4.308-4.34h0a.763.763,0,0,0,.141-.214.649.649,0,0,0,.052-.261.681.681,0,0,0-.193-.476l-4.308-4.34A.666.666,0,0,0,17.474,11.444Z\" transform=\"translate(-2.875 -11.252)\"><\/path><\/svg><\/span><\/button>\n\n<script>\ndocument.addEventListener( 'wpcf7mailsent', function( event ) {\n    setTimeout( () => {\n        location = 'https:\/\/www.campingridaura.com\/es\/confirmacio_cs\/'; \/\/ URL de la teva p\u00e0gina de confirmaci\u00f3\n    }, 1000 ); \/\/ Espera 1 segon abans de redirigir\n}, false );\n<\/script><div class=\"wpcf7-response-output\" aria-hidden=\"true\"><\/div>\n<\/form>\n<\/div>\n\t\t\t<\/div>\n\t\t\t\t\t\t\t<\/div>\n\t\t\t\t<\/div>\n\t\t\t\t\t<\/div>\n\t\t<\/div>\n\t\t\t\t<div class=\"elementor-column elementor-col-33 elementor-top-column elementor-element elementor-element-709e1199\" data-id=\"709e1199\" data-element_type=\"column\" data-e-type=\"column\">\n\t\t\t<div class=\"elementor-widget-wrap elementor-element-populated\">\n\t\t\t\t\t\t<div class=\"elementor-element elementor-element-142d593f elementor-widget elementor-widget-text-editor\" data-id=\"142d593f\" data-element_type=\"widget\" data-e-type=\"widget\" data-widget_type=\"text-editor.default\">\n\t\t\t\t<div class=\"elementor-widget-container\">\n\t\t\t\t\t\t\t\t\t<h4>Env\u00edanos un mensaje a\u00a0info@campingridaura.com<\/h4><p>\u00a0<\/p>\t\t\t\t\t\t\t\t<\/div>\n\t\t\t\t<\/div>\n\t\t\t\t<div class=\"elementor-element elementor-element-5205e88 elementor-widget elementor-widget-text-editor\" data-id=\"5205e88\" data-element_type=\"widget\" data-e-type=\"widget\" data-widget_type=\"text-editor.default\">\n\t\t\t\t<div class=\"elementor-widget-container\">\n\t\t\t\t\t\t\t\t\t<p>\u00a1Nos encantar\u00eda escucharte! Env\u00edanos un mensaje con tus preguntas o comentarios y nos pondremos en contacto contigo lo antes posible. Si prefieres una respuesta m\u00e1s inmediata, no dudes en llamarnos. Estamos aqu\u00ed para ayudarte a hacer que tu experiencia en el camping sea inolvidable.<\/p>\t\t\t\t\t\t\t\t<\/div>\n\t\t\t\t<\/div>\n\t\t\t\t<div class=\"elementor-element elementor-element-485d64df elementor-widget elementor-widget-kamperen_core_section_title\" data-id=\"485d64df\" data-element_type=\"widget\" data-e-type=\"widget\" data-widget_type=\"kamperen_core_section_title.default\">\n\t\t\t\t<div class=\"elementor-widget-container\">\n\t\t\t\t\t<div class=\"qodef-shortcode qodef-m  qodef-section-title qodef-alignment--left \">\n\t\t\t\t<p class=\"qodef-m-text\" style=\"color: #000000\">Tel\u00e8fon de contacte: +34 639 434 557\n\n<\/p>\n<\/div>\n\t\t\t\t<\/div>\n\t\t\t\t<\/div>\n\t\t\t\t<div class=\"elementor-element elementor-element-22ef1ad7 elementor-widget elementor-widget-text-editor\" data-id=\"22ef1ad7\" data-element_type=\"widget\" data-e-type=\"widget\" data-widget_type=\"text-editor.default\">\n\t\t\t\t<div class=\"elementor-widget-container\">\n\t\t\t\t\t\t\t\t\t<p><a style=\"font-family: Prompt; font-size: 18px; color: #000;\" href=\"mailto:info@campingridaura.com\">Email: info@campingridaura.com<\/a><\/p>\t\t\t\t\t\t\t\t<\/div>\n\t\t\t\t<\/div>\n\t\t\t\t\t<\/div>\n\t\t<\/div>\n\t\t\t\t\t<\/div>\n\t\t<\/section>\n\t\t\t\t<\/div>\n\t\t","protected":false},"excerpt":{"rendered":"<p>\u00bfA qu\u00e9 distancia est\u00e1n las playas m\u00e1s cercanas? Sant Feliu de Gu\u00edxols a 8 km.S&#8217;Agar\u00f3 a 9 km.Platja d&#8217;Aro a 10 km. \u00bfA qu\u00e9 distancia hay una estaci\u00f3n de tren? Caldes de Malavella a 13 km. Girona a 25 km. [+ Informaci\u00f3n] \u00bfCu\u00e1l es la parada de bus m\u00e1s cercana al camping? En Santa Cristina [&hellip;]<\/p>\n","protected":false},"author":1,"featured_media":4502,"parent":0,"menu_order":0,"comment_status":"closed","ping_status":"closed","template":"page-full-width.php","meta":{"footnotes":""},"class_list":["post-4780","page","type-page","status-publish","has-post-thumbnail","hentry"],"yoast_head":"<!-- This site is optimized with the Yoast SEO plugin v27.5 - https:\/\/yoast.com\/product\/yoast-seo-wordpress\/ -->\n<title>FAQs - Resolvemos tus dudas sobre el Camping Ridaura<\/title>\n<meta name=\"description\" content=\"En esta secci\u00f3n podr\u00e1s consultar las dudas m\u00e1s habituales sobre las caracter\u00edsticas de los alojamientos o de los servicios que ofrece el camping.\" \/>\n<meta name=\"robots\" content=\"index, follow, max-snippet:-1, max-image-preview:large, max-video-preview:-1\" \/>\n<link rel=\"canonical\" href=\"https:\/\/www.campingridaura.com\/es\/faqs\/\" \/>\n<meta property=\"og:locale\" content=\"es_ES\" \/>\n<meta property=\"og:type\" content=\"article\" \/>\n<meta property=\"og:title\" content=\"FAQs - Resolvemos tus dudas sobre el Camping Ridaura\" \/>\n<meta property=\"og:description\" content=\"En esta secci\u00f3n podr\u00e1s consultar las dudas m\u00e1s habituales sobre las caracter\u00edsticas de los alojamientos o de los servicios que ofrece el camping.\" \/>\n<meta property=\"og:url\" content=\"https:\/\/www.campingridaura.com\/es\/faqs\/\" \/>\n<meta property=\"og:site_name\" content=\"Camping Ridaura\" \/>\n<meta property=\"article:modified_time\" content=\"2025-04-02T17:33:47+00:00\" \/>\n<meta property=\"og:image\" content=\"https:\/\/www.campingridaura.com\/wp-content\/uploads\/2024\/05\/faqs.jpg\" \/>\n\t<meta property=\"og:image:width\" content=\"2048\" \/>\n\t<meta property=\"og:image:height\" content=\"1365\" \/>\n\t<meta property=\"og:image:type\" content=\"image\/jpeg\" \/>\n<meta name=\"twitter:card\" content=\"summary_large_image\" \/>\n<meta name=\"twitter:label1\" content=\"Tiempo de lectura\" \/>\n\t<meta name=\"twitter:data1\" content=\"3 minutos\" \/>\n<script type=\"application\/ld+json\" class=\"yoast-schema-graph\">{\"@context\":\"https:\\\/\\\/schema.org\",\"@graph\":[{\"@type\":\"WebPage\",\"@id\":\"https:\\\/\\\/www.campingridaura.com\\\/es\\\/faqs\\\/\",\"url\":\"https:\\\/\\\/www.campingridaura.com\\\/es\\\/faqs\\\/\",\"name\":\"FAQs - Resolvemos tus dudas sobre el Camping Ridaura\",\"isPartOf\":{\"@id\":\"https:\\\/\\\/www.campingridaura.com\\\/es\\\/#website\"},\"primaryImageOfPage\":{\"@id\":\"https:\\\/\\\/www.campingridaura.com\\\/es\\\/faqs\\\/#primaryimage\"},\"image\":{\"@id\":\"https:\\\/\\\/www.campingridaura.com\\\/es\\\/faqs\\\/#primaryimage\"},\"thumbnailUrl\":\"https:\\\/\\\/www.campingridaura.com\\\/wp-content\\\/uploads\\\/2024\\\/05\\\/faqs.jpg\",\"datePublished\":\"2021-06-08T10:56:32+00:00\",\"dateModified\":\"2025-04-02T17:33:47+00:00\",\"description\":\"En esta secci\u00f3n podr\u00e1s consultar las dudas m\u00e1s habituales sobre las caracter\u00edsticas de los alojamientos o de los servicios que ofrece el camping.\",\"breadcrumb\":{\"@id\":\"https:\\\/\\\/www.campingridaura.com\\\/es\\\/faqs\\\/#breadcrumb\"},\"inLanguage\":\"es\",\"potentialAction\":[{\"@type\":\"ReadAction\",\"target\":[\"https:\\\/\\\/www.campingridaura.com\\\/es\\\/faqs\\\/\"]}]},{\"@type\":\"ImageObject\",\"inLanguage\":\"es\",\"@id\":\"https:\\\/\\\/www.campingridaura.com\\\/es\\\/faqs\\\/#primaryimage\",\"url\":\"https:\\\/\\\/www.campingridaura.com\\\/wp-content\\\/uploads\\\/2024\\\/05\\\/faqs.jpg\",\"contentUrl\":\"https:\\\/\\\/www.campingridaura.com\\\/wp-content\\\/uploads\\\/2024\\\/05\\\/faqs.jpg\",\"width\":2048,\"height\":1365},{\"@type\":\"BreadcrumbList\",\"@id\":\"https:\\\/\\\/www.campingridaura.com\\\/es\\\/faqs\\\/#breadcrumb\",\"itemListElement\":[{\"@type\":\"ListItem\",\"position\":1,\"name\":\"Inici\",\"item\":\"https:\\\/\\\/www.campingridaura.com\\\/es\\\/\"},{\"@type\":\"ListItem\",\"position\":2,\"name\":\"FAQS\"}]},{\"@type\":\"WebSite\",\"@id\":\"https:\\\/\\\/www.campingridaura.com\\\/es\\\/#website\",\"url\":\"https:\\\/\\\/www.campingridaura.com\\\/es\\\/\",\"name\":\"C\u00e0mping Ridaura\",\"description\":\"Vacances en familia!\",\"publisher\":{\"@id\":\"https:\\\/\\\/www.campingridaura.com\\\/es\\\/#organization\"},\"potentialAction\":[{\"@type\":\"SearchAction\",\"target\":{\"@type\":\"EntryPoint\",\"urlTemplate\":\"https:\\\/\\\/www.campingridaura.com\\\/es\\\/?s={search_term_string}\"},\"query-input\":{\"@type\":\"PropertyValueSpecification\",\"valueRequired\":true,\"valueName\":\"search_term_string\"}}],\"inLanguage\":\"es\"},{\"@type\":\"Organization\",\"@id\":\"https:\\\/\\\/www.campingridaura.com\\\/es\\\/#organization\",\"name\":\"C\u00e0mping Ridaura\",\"url\":\"https:\\\/\\\/www.campingridaura.com\\\/es\\\/\",\"logo\":{\"@type\":\"ImageObject\",\"inLanguage\":\"es\",\"@id\":\"https:\\\/\\\/www.campingridaura.com\\\/es\\\/#\\\/schema\\\/logo\\\/image\\\/\",\"url\":\"https:\\\/\\\/www.campingridaura.com\\\/wp-content\\\/uploads\\\/2024\\\/03\\\/logo-camping-ridaura-min.png\",\"contentUrl\":\"https:\\\/\\\/www.campingridaura.com\\\/wp-content\\\/uploads\\\/2024\\\/03\\\/logo-camping-ridaura-min.png\",\"width\":608,\"height\":438,\"caption\":\"C\u00e0mping Ridaura\"},\"image\":{\"@id\":\"https:\\\/\\\/www.campingridaura.com\\\/es\\\/#\\\/schema\\\/logo\\\/image\\\/\"},\"sameAs\":[\"https:\\\/\\\/www.instagram.com\\\/campingridaura\\\/\"]}]}<\/script>\n<!-- \/ Yoast SEO plugin. -->","yoast_head_json":{"title":"FAQs - Resolvemos tus dudas sobre el Camping Ridaura","description":"En esta secci\u00f3n podr\u00e1s consultar las dudas m\u00e1s habituales sobre las caracter\u00edsticas de los alojamientos o de los servicios que ofrece el camping.","robots":{"index":"index","follow":"follow","max-snippet":"max-snippet:-1","max-image-preview":"max-image-preview:large","max-video-preview":"max-video-preview:-1"},"canonical":"https:\/\/www.campingridaura.com\/es\/faqs\/","og_locale":"es_ES","og_type":"article","og_title":"FAQs - Resolvemos tus dudas sobre el Camping Ridaura","og_description":"En esta secci\u00f3n podr\u00e1s consultar las dudas m\u00e1s habituales sobre las caracter\u00edsticas de los alojamientos o de los servicios que ofrece el camping.","og_url":"https:\/\/www.campingridaura.com\/es\/faqs\/","og_site_name":"Camping Ridaura","article_modified_time":"2025-04-02T17:33:47+00:00","og_image":[{"width":2048,"height":1365,"url":"https:\/\/www.campingridaura.com\/wp-content\/uploads\/2024\/05\/faqs.jpg","type":"image\/jpeg"}],"twitter_card":"summary_large_image","twitter_misc":{"Tiempo de lectura":"3 minutos"},"schema":{"@context":"https:\/\/schema.org","@graph":[{"@type":"WebPage","@id":"https:\/\/www.campingridaura.com\/es\/faqs\/","url":"https:\/\/www.campingridaura.com\/es\/faqs\/","name":"FAQs - Resolvemos tus dudas sobre el Camping Ridaura","isPartOf":{"@id":"https:\/\/www.campingridaura.com\/es\/#website"},"primaryImageOfPage":{"@id":"https:\/\/www.campingridaura.com\/es\/faqs\/#primaryimage"},"image":{"@id":"https:\/\/www.campingridaura.com\/es\/faqs\/#primaryimage"},"thumbnailUrl":"https:\/\/www.campingridaura.com\/wp-content\/uploads\/2024\/05\/faqs.jpg","datePublished":"2021-06-08T10:56:32+00:00","dateModified":"2025-04-02T17:33:47+00:00","description":"En esta secci\u00f3n podr\u00e1s consultar las dudas m\u00e1s habituales sobre las caracter\u00edsticas de los alojamientos o de los servicios que ofrece el camping.","breadcrumb":{"@id":"https:\/\/www.campingridaura.com\/es\/faqs\/#breadcrumb"},"inLanguage":"es","potentialAction":[{"@type":"ReadAction","target":["https:\/\/www.campingridaura.com\/es\/faqs\/"]}]},{"@type":"ImageObject","inLanguage":"es","@id":"https:\/\/www.campingridaura.com\/es\/faqs\/#primaryimage","url":"https:\/\/www.campingridaura.com\/wp-content\/uploads\/2024\/05\/faqs.jpg","contentUrl":"https:\/\/www.campingridaura.com\/wp-content\/uploads\/2024\/05\/faqs.jpg","width":2048,"height":1365},{"@type":"BreadcrumbList","@id":"https:\/\/www.campingridaura.com\/es\/faqs\/#breadcrumb","itemListElement":[{"@type":"ListItem","position":1,"name":"Inici","item":"https:\/\/www.campingridaura.com\/es\/"},{"@type":"ListItem","position":2,"name":"FAQS"}]},{"@type":"WebSite","@id":"https:\/\/www.campingridaura.com\/es\/#website","url":"https:\/\/www.campingridaura.com\/es\/","name":"C\u00e0mping Ridaura","description":"Vacances en familia!","publisher":{"@id":"https:\/\/www.campingridaura.com\/es\/#organization"},"potentialAction":[{"@type":"SearchAction","target":{"@type":"EntryPoint","urlTemplate":"https:\/\/www.campingridaura.com\/es\/?s={search_term_string}"},"query-input":{"@type":"PropertyValueSpecification","valueRequired":true,"valueName":"search_term_string"}}],"inLanguage":"es"},{"@type":"Organization","@id":"https:\/\/www.campingridaura.com\/es\/#organization","name":"C\u00e0mping Ridaura","url":"https:\/\/www.campingridaura.com\/es\/","logo":{"@type":"ImageObject","inLanguage":"es","@id":"https:\/\/www.campingridaura.com\/es\/#\/schema\/logo\/image\/","url":"https:\/\/www.campingridaura.com\/wp-content\/uploads\/2024\/03\/logo-camping-ridaura-min.png","contentUrl":"https:\/\/www.campingridaura.com\/wp-content\/uploads\/2024\/03\/logo-camping-ridaura-min.png","width":608,"height":438,"caption":"C\u00e0mping Ridaura"},"image":{"@id":"https:\/\/www.campingridaura.com\/es\/#\/schema\/logo\/image\/"},"sameAs":["https:\/\/www.instagram.com\/campingridaura\/"]}]}},"_links":{"self":[{"href":"https:\/\/www.campingridaura.com\/es\/wp-json\/wp\/v2\/pages\/4780","targetHints":{"allow":["GET"]}}],"collection":[{"href":"https:\/\/www.campingridaura.com\/es\/wp-json\/wp\/v2\/pages"}],"about":[{"href":"https:\/\/www.campingridaura.com\/es\/wp-json\/wp\/v2\/types\/page"}],"author":[{"embeddable":true,"href":"https:\/\/www.campingridaura.com\/es\/wp-json\/wp\/v2\/users\/1"}],"replies":[{"embeddable":true,"href":"https:\/\/www.campingridaura.com\/es\/wp-json\/wp\/v2\/comments?post=4780"}],"version-history":[{"count":46,"href":"https:\/\/www.campingridaura.com\/es\/wp-json\/wp\/v2\/pages\/4780\/revisions"}],"predecessor-version":[{"id":6075,"href":"https:\/\/www.campingridaura.com\/es\/wp-json\/wp\/v2\/pages\/4780\/revisions\/6075"}],"wp:featuredmedia":[{"embeddable":true,"href":"https:\/\/www.campingridaura.com\/es\/wp-json\/wp\/v2\/media\/4502"}],"wp:attachment":[{"href":"https:\/\/www.campingridaura.com\/es\/wp-json\/wp\/v2\/media?parent=4780"}],"curies":[{"name":"wp","href":"https:\/\/api.w.org\/{rel}","templated":true}]}}